{"id":2920,"date":"2021-01-28T14:12:11","date_gmt":"2021-01-28T13:12:11","guid":{"rendered":"http:\/\/zspdabrowka.pl\/spdabrowka\/?page_id=2920"},"modified":"2024-03-11T12:11:48","modified_gmt":"2024-03-11T11:11:48","slug":"aktualnosci","status":"publish","type":"page","link":"https:\/\/zspdabrowka.pl\/spdabrowka\/aktualnosci\/","title":{"rendered":"Aktualno\u015bci"},"content":{"rendered":"<article data-id=\"2884\">\n<header>\n<h2><a href=\"http:\/\/zspdabrowka.pl\/spdabrowka\/2021\/01\/21\/kochane-babcie-drodzy-dziadkowie\/\" title=\"Kochane Babcie, Drodzy Dziadkowie!\">Kochane Babcie, Drodzy Dziadkowie!<\/a><\/h2>\n<\/header>\n<p><a href=\"http:\/\/zspdabrowka.pl\/spdabrowka\/author\/spdabrowka\/\" title=\"Wpisy, kt\u00f3rych autorem jest spdabrowka\" rel=\"author\">spdabrowka<\/a><time datetime=\"21 stycznia 2021\">21 stycznia 2021<\/time><\/p>\n<p>Z okazji Waszego \u015awi\u0119ta \u017cyczymy Wam du\u017co zdrowia, pogody ducha,&#8230;<\/p>\n<p><a href=\"http:\/\/zspdabrowka.pl\/spdabrowka\/2021\/01\/21\/kochane-babcie-drodzy-dziadkowie\/\">czytaj wi\u0119cej<\/a><br \/>\n<\/article>\n<article data-id=\"2883\">\n<header>\n<h2><a href=\"http:\/\/zspdabrowka.pl\/spdabrowka\/2021\/01\/17\/drodzy-rodzice-3\/\" title=\"Drodzy Rodzice!\">Drodzy Rodzice!<\/a><\/h2>\n<\/header>\n<p><a href=\"http:\/\/zspdabrowka.pl\/spdabrowka\/author\/spdabrowka\/\" title=\"Wpisy, kt\u00f3rych autorem jest spdabrowka\" rel=\"author\">spdabrowka<\/a><time datetime=\"17 stycznia 2021\">17 stycznia 2021<\/time><\/p>\n<p>W poniedzia\u0142ek 18 stycznia decyzj\u0105 MEiN uczniowie&nbsp;klas I-III&nbsp;wracaj\u0105 do szko\u0142y&#8230;<\/p>\n<p><a href=\"http:\/\/zspdabrowka.pl\/spdabrowka\/2021\/01\/17\/drodzy-rodzice-3\/\">czytaj wi\u0119cej<\/a><br \/>\n<\/article>\n<article data-id=\"2838\">\n<header>\n<h2><a href=\"http:\/\/zspdabrowka.pl\/spdabrowka\/2020\/12\/21\/zyczenia\/\" title=\"\u017byczenia\">\u017byczenia<\/a><\/h2>\n<\/header>\n<p><a href=\"http:\/\/zspdabrowka.pl\/spdabrowka\/author\/spdabrowka\/\" title=\"Wpisy, kt\u00f3rych autorem jest spdabrowka\" rel=\"author\">spdabrowka<\/a><time datetime=\"21 grudnia 2020\">21 grudnia 2020<\/time><\/p>\n<p><a href=\"http:\/\/zspdabrowka.pl\/spdabrowka\/2020\/12\/21\/zyczenia\/\">czytaj wi\u0119cej<\/a><br \/>\n<\/article>\n<article data-id=\"2823\">\n<header>\n<h2><a href=\"http:\/\/zspdabrowka.pl\/spdabrowka\/2020\/12\/09\/swiatowy-dzien-walki-z-aids-2\/\" title=\"\u015awiatowy Dzie\u0144 Walki z AIDS\">\u015awiatowy Dzie\u0144 Walki z AIDS<\/a><\/h2>\n<\/header>\n<p><a href=\"http:\/\/zspdabrowka.pl\/spdabrowka\/author\/spdabrowka\/\" title=\"Wpisy, kt\u00f3rych autorem jest spdabrowka\" rel=\"author\">spdabrowka<\/a><time datetime=\"9 grudnia 2020\">9 grudnia 2020<\/time><\/p>\n<p>1 grudnia to \u015awiatowy Dzie\u0144 Walki z AIDS. W naszej&#8230;<\/p>\n<p><a href=\"http:\/\/zspdabrowka.pl\/spdabrowka\/2020\/12\/09\/swiatowy-dzien-walki-z-aids-2\/\">czytaj wi\u0119cej<\/a><br \/>\n<\/article>\n<article data-id=\"2820\">\n<header>\n<h2><a href=\"http:\/\/zspdabrowka.pl\/spdabrowka\/2020\/12\/08\/sekretariat-szkoly\/\" title=\"Sekretariat szko\u0142y\">Sekretariat szko\u0142y<\/a><\/h2>\n<\/header>\n<p><a href=\"http:\/\/zspdabrowka.pl\/spdabrowka\/author\/spdabrowka\/\" title=\"Wpisy, kt\u00f3rych autorem jest spdabrowka\" rel=\"author\">spdabrowka<\/a><time datetime=\"8 grudnia 2020\">8 grudnia 2020<\/time><\/p>\n<p>Szanowni Pa\u0144stwo&nbsp; Sekretariat szko\u0142y&nbsp;czynny codziennie w godzinach&nbsp;7.30 -15.30&nbsp; Tel.&nbsp;14 6851125&#8230;<\/p>\n<p><a href=\"http:\/\/zspdabrowka.pl\/spdabrowka\/2020\/12\/08\/sekretariat-szkoly\/\">czytaj wi\u0119cej<\/a><br \/>\n<\/article>\n<article data-id=\"2778\">\n<header>\n<h2><a href=\"http:\/\/zspdabrowka.pl\/spdabrowka\/2020\/11\/24\/zdalne-zebranie-wywiadowcze\/\" title=\"Zdalne zebranie wywiadowcze\">Zdalne zebranie wywiadowcze<\/a><\/h2>\n<\/header>\n<p><a href=\"http:\/\/zspdabrowka.pl\/spdabrowka\/author\/spdabrowka\/\" title=\"Wpisy, kt\u00f3rych autorem jest spdabrowka\" rel=\"author\">spdabrowka<\/a><time datetime=\"24 listopada 2020\">24 listopada 2020<\/time><\/p>\n<p>Informuj\u0119, i\u017c w dniach 25.11.-26.11.2020r. odb\u0119d\u0105 si\u0119 zdalne zebrania wywiadowcze&#8230;<\/p>\n<p><a href=\"http:\/\/zspdabrowka.pl\/spdabrowka\/2020\/11\/24\/zdalne-zebranie-wywiadowcze\/\">czytaj wi\u0119cej<\/a><br \/>\n<\/article>\n<article data-id=\"2777\">\n<header>\n<h2><a href=\"http:\/\/zspdabrowka.pl\/spdabrowka\/2020\/11\/20\/ogolnopolski-dzien-praw-dziecka\/\" title=\"Og\u00f3lnopolski Dzie\u0144 Praw Dziecka\">Og\u00f3lnopolski Dzie\u0144 Praw Dziecka<\/a><\/h2>\n<\/header>\n<p><a href=\"http:\/\/zspdabrowka.pl\/spdabrowka\/author\/spdabrowka\/\" title=\"Wpisy, kt\u00f3rych autorem jest spdabrowka\" rel=\"author\">spdabrowka<\/a><time datetime=\"20 listopada 2020\">20 listopada 2020<\/time><\/p>\n<p>Og\u00f3lnopolski Dzie\u0144 Praw Dziecka to \u015bwi\u0119to szczeg\u00f3lne, wype\u0142nione dzieci\u0119c\u0105 rado\u015bci\u0105&#8230;<\/p>\n<p><a href=\"http:\/\/zspdabrowka.pl\/spdabrowka\/2020\/11\/20\/ogolnopolski-dzien-praw-dziecka\/\">czytaj wi\u0119cej<\/a><br \/>\n<\/article>\n<article data-id=\"2729\">\n<header>\n<h2><a href=\"http:\/\/zspdabrowka.pl\/spdabrowka\/2020\/11\/15\/piekna-nasza-polska-cala\/\" title=\",,Pi\u0119kna nasza Polska ca\u0142a\u201d\">,,Pi\u0119kna nasza Polska ca\u0142a\u201d<\/a><\/h2>\n<\/header>\n<p><a href=\"http:\/\/zspdabrowka.pl\/spdabrowka\/author\/spdabrowka\/\" title=\"Wpisy, kt\u00f3rych autorem jest spdabrowka\" rel=\"author\">spdabrowka<\/a><time datetime=\"15 listopada 2020\">15 listopada 2020<\/time><\/p>\n<p>Z okazji 102 Rocznicy Odzyskania Niepodleg\u0142o\u015bci przez Polsk\u0119 w oddziale&#8230;<\/p>\n<p><a href=\"http:\/\/zspdabrowka.pl\/spdabrowka\/2020\/11\/15\/piekna-nasza-polska-cala\/\">czytaj wi\u0119cej<\/a><br \/>\n<\/article>\n<article data-id=\"2725\">\n<header>\n<h2><a href=\"http:\/\/zspdabrowka.pl\/spdabrowka\/2020\/11\/09\/nauczanie-zdalne\/\" title=\"Nauczanie zdalne\">Nauczanie zdalne<\/a><\/h2>\n<\/header>\n<p><a href=\"http:\/\/zspdabrowka.pl\/spdabrowka\/author\/spdabrowka\/\" title=\"Wpisy, kt\u00f3rych autorem jest spdabrowka\" rel=\"author\">spdabrowka<\/a><time datetime=\"9 listopada 2020\">9 listopada 2020<\/time><\/p>\n<p>Drodzy Rodzice! Od poniedzia\u0142ku, 9 listopada br. zawieszone zostaj\u0105 zaj\u0119cia&#8230;<\/p>\n<p><a href=\"http:\/\/zspdabrowka.pl\/spdabrowka\/2020\/11\/09\/nauczanie-zdalne\/\">czytaj wi\u0119cej<\/a><br \/>\n<\/article>\n<article data-id=\"2722\">\n<header>\n<h2><a href=\"http:\/\/zspdabrowka.pl\/spdabrowka\/2020\/10\/24\/szanowni-panstwo-drodzy-rodzice\/\" title=\"Szanowni Pa\u0144stwo, drodzy Rodzice\">Szanowni Pa\u0144stwo, drodzy Rodzice<\/a><\/h2>\n<\/header>\n<p><a href=\"http:\/\/zspdabrowka.pl\/spdabrowka\/author\/spdabrowka\/\" title=\"Wpisy, kt\u00f3rych autorem jest spdabrowka\" rel=\"author\">spdabrowka<\/a><time datetime=\"24 pa\u017adziernika 2020\">24 pa\u017adziernika 2020<\/time><\/p>\n<p>Znale\u017ali\u015bmy si\u0119 w trudnej dla nas Wszystkich sytuacji, kt\u00f3ra zmienia&#8230;<\/p>\n<p><a href=\"http:\/\/zspdabrowka.pl\/spdabrowka\/2020\/10\/24\/szanowni-panstwo-drodzy-rodzice\/\">czytaj wi\u0119cej<\/a><br \/>\n<\/article>\n<article data-id=\"2776\">\n<header>\n<h2><a href=\"http:\/\/zspdabrowka.pl\/spdabrowka\/2020\/10\/24\/zawieszenie-zajec-stacjonarnych-dla-uczniow-klas-iv-viii-szkoly-podstawowej\/\" title=\"ZAWIESZENIE ZAJ\u0118\u0106 STACJONARNYCH DLA UCZNI\u00d3W KLAS IV \u2013 VIII SZKO\u0141Y PODSTAWOWEJ\">ZAWIESZENIE ZAJ\u0118\u0106 STACJONARNYCH DLA UCZNI\u00d3W KLAS IV \u2013 VIII SZKO\u0141Y PODSTAWOWEJ<\/a><\/h2>\n<\/header>\n<p><a href=\"http:\/\/zspdabrowka.pl\/spdabrowka\/author\/spdabrowka\/\" title=\"Wpisy, kt\u00f3rych autorem jest spdabrowka\" rel=\"author\">spdabrowka<\/a><time datetime=\"24 pa\u017adziernika 2020\">24 pa\u017adziernika 2020<\/time><\/p>\n<p>Uczniowie klas IV \u2013 VIII szko\u0142y podstawowej przechodz\u0105 na nauk\u0119&#8230;<\/p>\n<p><a href=\"http:\/\/zspdabrowka.pl\/spdabrowka\/2020\/10\/24\/zawieszenie-zajec-stacjonarnych-dla-uczniow-klas-iv-viii-szkoly-podstawowej\/\">czytaj wi\u0119cej<\/a><br \/>\n<\/article>\n<article data-id=\"2715\">\n<header>\n<h2><a href=\"http:\/\/zspdabrowka.pl\/spdabrowka\/2020\/10\/15\/kredkobranie\/\" title=\"Kredkobranie\">Kredkobranie<\/a><\/h2>\n<\/header>\n<p><a href=\"http:\/\/zspdabrowka.pl\/spdabrowka\/author\/spdabrowka\/\" title=\"Wpisy, kt\u00f3rych autorem jest spdabrowka\" rel=\"author\">spdabrowka<\/a><time datetime=\"15 pa\u017adziernika 2020\">15 pa\u017adziernika 2020<\/time><\/p>\n<p>Ju\u017c trzeci raz nasza szko\u0142a wzi\u0119\u0142a udzia\u0142 w akcji KREDKOBRANIA&#8230;<\/p>\n<p><a href=\"http:\/\/zspdabrowka.pl\/spdabrowka\/2020\/10\/15\/kredkobranie\/\">czytaj wi\u0119cej<\/a><br \/>\n<\/article>\n<article data-id=\"2713\">\n<header>\n<h2><a href=\"http:\/\/zspdabrowka.pl\/spdabrowka\/2020\/10\/15\/dzien-glosnego-czytania\/\" title=\"DZIE\u0143 G\u0141O\u015aNEGO CZYTANIA\">DZIE\u0143 G\u0141O\u015aNEGO CZYTANIA<\/a><\/h2>\n<\/header>\n<p><a href=\"http:\/\/zspdabrowka.pl\/spdabrowka\/author\/spdabrowka\/\" title=\"Wpisy, kt\u00f3rych autorem jest spdabrowka\" rel=\"author\">spdabrowka<\/a><time datetime=\"15 pa\u017adziernika 2020\">15 pa\u017adziernika 2020<\/time><\/p>\n<p>29 wrze\u015bnia odby\u0142a si\u0119 na terenie szko\u0142y akcja czytelnicza DZIE\u0143&#8230;<\/p>\n<p><a href=\"http:\/\/zspdabrowka.pl\/spdabrowka\/2020\/10\/15\/dzien-glosnego-czytania\/\">czytaj wi\u0119cej<\/a><br \/>\n<\/article>\n<article data-id=\"2711\">\n<header>\n<h2><a href=\"http:\/\/zspdabrowka.pl\/spdabrowka\/2020\/10\/13\/makulatura-na-misje\/\" title=\"MAKULATURA NA MISJE\">MAKULATURA NA MISJE<\/a><\/h2>\n<\/header>\n<p><a href=\"http:\/\/zspdabrowka.pl\/spdabrowka\/author\/spdabrowka\/\" title=\"Wpisy, kt\u00f3rych autorem jest spdabrowka\" rel=\"author\">spdabrowka<\/a><time datetime=\"13 pa\u017adziernika 2020\">13 pa\u017adziernika 2020<\/time><\/p>\n<p>Kolejna akcja charytatywna naszego Wolontariatu to zbi\u00f3rka makulatury. Cel by\u0142&#8230;<\/p>\n<p><a href=\"http:\/\/zspdabrowka.pl\/spdabrowka\/2020\/10\/13\/makulatura-na-misje\/\">czytaj wi\u0119cej<\/a><br \/>\n<\/article>\n<article data-id=\"2706\">\n<header>\n<h2><a href=\"http:\/\/zspdabrowka.pl\/spdabrowka\/2020\/10\/08\/powszechny-spis-rolny\/\" title=\"Powszechny Spis Rolny\">Powszechny Spis Rolny<\/a><\/h2>\n<\/header>\n<p><a href=\"http:\/\/zspdabrowka.pl\/spdabrowka\/author\/spdabrowka\/\" title=\"Wpisy, kt\u00f3rych autorem jest spdabrowka\" rel=\"author\">spdabrowka<\/a><time datetime=\"8 pa\u017adziernika 2020\">8 pa\u017adziernika 2020<\/time><\/p>\n<p>Od 1 wrze\u015bnia do 30 listopada 2020 r. G\u0142\u00f3wny Urz\u0105d&#8230;<\/p>\n<p><a href=\"http:\/\/zspdabrowka.pl\/spdabrowka\/2020\/10\/08\/powszechny-spis-rolny\/\">czytaj wi\u0119cej<\/a><br \/>\n<\/article>\n<article data-id=\"2702\">\n<header>\n<h2><a href=\"http:\/\/zspdabrowka.pl\/spdabrowka\/2020\/10\/08\/zbiorka-dla-polakow-na-litwie\/\" title=\"ZBI\u00d3RKA DLA POLAK\u00d3W NA LITWIE\">ZBI\u00d3RKA DLA POLAK\u00d3W NA LITWIE<\/a><\/h2>\n<\/header>\n<p><a href=\"http:\/\/zspdabrowka.pl\/spdabrowka\/author\/spdabrowka\/\" title=\"Wpisy, kt\u00f3rych autorem jest spdabrowka\" rel=\"author\">spdabrowka<\/a><time datetime=\"8 pa\u017adziernika 2020\">8 pa\u017adziernika 2020<\/time><\/p>\n<p>Szkolne Ko\u0142o Wolontariatu rozpocz\u0119\u0142o swoj\u0105 tegoroczn\u0105 dzia\u0142alno\u015b\u0107 od przeprowadzenia zbi\u00f3rki&#8230;<\/p>\n<p><a href=\"http:\/\/zspdabrowka.pl\/spdabrowka\/2020\/10\/08\/zbiorka-dla-polakow-na-litwie\/\">czytaj wi\u0119cej<\/a><br \/>\n<\/article>\n<article data-id=\"2696\">\n<header>\n<h2><a href=\"http:\/\/zspdabrowka.pl\/spdabrowka\/2020\/10\/05\/pod-bialo-czerwona\/\" title=\"\u201ePod bia\u0142o-czerwon\u0105\u201d\">\u201ePod bia\u0142o-czerwon\u0105\u201d<\/a><\/h2>\n<\/header>\n<p><a href=\"http:\/\/zspdabrowka.pl\/spdabrowka\/author\/spdabrowka\/\" title=\"Wpisy, kt\u00f3rych autorem jest spdabrowka\" rel=\"author\">spdabrowka<\/a><time datetime=\"5 pa\u017adziernika 2020\">5 pa\u017adziernika 2020<\/time><\/p>\n<p><a href=\"http:\/\/zspdabrowka.pl\/spdabrowka\/2020\/10\/05\/pod-bialo-czerwona\/\">czytaj wi\u0119cej<\/a><br \/>\n<\/article>\n<article data-id=\"2692\">\n<header>\n<h2><a href=\"http:\/\/zspdabrowka.pl\/spdabrowka\/2020\/10\/04\/liczbami-malowane\/\" title=\"LICZBAMI   MALOWANE\">LICZBAMI   MALOWANE<\/a><\/h2>\n<\/header>\n<p><a href=\"http:\/\/zspdabrowka.pl\/spdabrowka\/author\/spdabrowka\/\" title=\"Wpisy, kt\u00f3rych autorem jest spdabrowka\" rel=\"author\">spdabrowka<\/a><time datetime=\"4 pa\u017adziernika 2020\">4 pa\u017adziernika 2020<\/time><\/p>\n<p>Malowa\u0107 mo\u017cna nie tylko farbami czy kredkami. Okazuje si\u0119, \u017ce&#8230;<\/p>\n<p><a href=\"http:\/\/zspdabrowka.pl\/spdabrowka\/2020\/10\/04\/liczbami-malowane\/\">czytaj wi\u0119cej<\/a><br \/>\n<\/article>\n<article data-id=\"2658\">\n<header>\n<h2><a href=\"http:\/\/zspdabrowka.pl\/spdabrowka\/2020\/09\/08\/narodowe-czytanie-2020\/\" title=\"NARODOWE CZYTANIE 2020\">NARODOWE CZYTANIE 2020<\/a><\/h2>\n<\/header>\n<p><a href=\"http:\/\/zspdabrowka.pl\/spdabrowka\/author\/spdabrowka\/\" title=\"Wpisy, kt\u00f3rych autorem jest spdabrowka\" rel=\"author\">spdabrowka<\/a><time datetime=\"8 wrze\u015bnia 2020\">8 wrze\u015bnia 2020<\/time><\/p>\n<p>W&nbsp; tym roku ta wyj\u0105tkowa akcja czytelnicza musia\u0142a si\u0119 odby\u0107&#8230;<\/p>\n<p><a href=\"http:\/\/zspdabrowka.pl\/spdabrowka\/2020\/09\/08\/narodowe-czytanie-2020\/\">czytaj wi\u0119cej<\/a><br \/>\n<\/article>\n<article data-id=\"2649\">\n<header>\n<h2><a href=\"http:\/\/zspdabrowka.pl\/spdabrowka\/2020\/08\/26\/drodzy-rodzice-2\/\" title=\"Drodzy Rodzice\">Drodzy Rodzice<\/a><\/h2>\n<\/header>\n<p><a href=\"http:\/\/zspdabrowka.pl\/spdabrowka\/author\/spdabrowka\/\" title=\"Wpisy, kt\u00f3rych autorem jest spdabrowka\" rel=\"author\">spdabrowka<\/a><time datetime=\"26 sierpnia 2020\">26 sierpnia 2020<\/time><\/p>\n<p>Drodzy Rodzice W zwi\u0105zku z rozprzestrzenianiem si\u0119&nbsp; pandemii COVID-19 oraz&#8230;<\/p>\n<p><a href=\"http:\/\/zspdabrowka.pl\/spdabrowka\/2020\/08\/26\/drodzy-rodzice-2\/\">czytaj wi\u0119cej<\/a><br \/>\n<\/article>\n<article data-id=\"2646\">\n<header>\n<h2><a href=\"http:\/\/zspdabrowka.pl\/spdabrowka\/2020\/08\/25\/rozpoczecie-roku-szkolnego-2020-2021\/\" title=\"Rozpocz\u0119cie roku szkolnego 2020\/2021\">Rozpocz\u0119cie roku szkolnego 2020\/2021<\/a><\/h2>\n<\/header>\n<p><a href=\"http:\/\/zspdabrowka.pl\/spdabrowka\/author\/spdabrowka\/\" title=\"Wpisy, kt\u00f3rych autorem jest spdabrowka\" rel=\"author\">spdabrowka<\/a><time datetime=\"25 sierpnia 2020\">25 sierpnia 2020<\/time><\/p>\n<p>Rozpocz\u0119cie roku szkolnego 2020\/2021 odb\u0119dzie si\u0119 1 wrze\u015bnia 2020r. o&#8230;<\/p>\n<p><a href=\"http:\/\/zspdabrowka.pl\/spdabrowka\/2020\/08\/25\/rozpoczecie-roku-szkolnego-2020-2021\/\">czytaj wi\u0119cej<\/a><br \/>\n<\/article>\n<article data-id=\"2637\">\n<header>\n<h2><a href=\"http:\/\/zspdabrowka.pl\/spdabrowka\/2020\/06\/26\/wnuczka-wnuczek-edukuje-babcia-dziadek-sie-stosuje\/\" title=\"\u201eWnuczka, wnuczek edukuje \u2014 babcia, dziadek si\u0119 stosuje!\u201d\">\u201eWnuczka, wnuczek edukuje \u2014 babcia, dziadek si\u0119 stosuje!\u201d<\/a><\/h2>\n<\/header>\n<p><a href=\"http:\/\/zspdabrowka.pl\/spdabrowka\/author\/spdabrowka\/\" title=\"Wpisy, kt\u00f3rych autorem jest spdabrowka\" rel=\"author\">spdabrowka<\/a><time datetime=\"26 czerwca 2020\">26 czerwca 2020<\/time><\/p>\n<p>Nasza szko\u0142a wzi\u0119\u0142a udzia\u0142 w projekcie \u201eWnuczka, wnuczek edukuje \u2014&#8230;<\/p>\n<p><a href=\"http:\/\/zspdabrowka.pl\/spdabrowka\/2020\/06\/26\/wnuczka-wnuczek-edukuje-babcia-dziadek-sie-stosuje\/\">czytaj wi\u0119cej<\/a><br \/>\n<\/article>\n<article data-id=\"2632\">\n<header>\n<h2><a href=\"http:\/\/zspdabrowka.pl\/spdabrowka\/2020\/06\/26\/2632\/\" title=\"ZAKO\u0143CZENIE ROKU SZKOLNEGO 2019\/2020\">ZAKO\u0143CZENIE ROKU SZKOLNEGO 2019\/2020<\/a><\/h2>\n<\/header>\n<p><a href=\"http:\/\/zspdabrowka.pl\/spdabrowka\/author\/spdabrowka\/\" title=\"Wpisy, kt\u00f3rych autorem jest spdabrowka\" rel=\"author\">spdabrowka<\/a><time datetime=\"26 czerwca 2020\">26 czerwca 2020<\/time><\/p>\n<p><a href=\"http:\/\/zspdabrowka.pl\/spdabrowka\/2020\/06\/26\/2632\/\">czytaj wi\u0119cej<\/a><br \/>\n<\/article>\n<article data-id=\"2624\">\n<header>\n<h2><a href=\"http:\/\/zspdabrowka.pl\/spdabrowka\/2020\/06\/26\/drodzy-uczniowie-klasy-osmej\/\" title=\"Drodzy Uczniowie Klasy \u00d3smej\">Drodzy Uczniowie Klasy \u00d3smej<\/a><\/h2>\n<\/header>\n<p><a href=\"http:\/\/zspdabrowka.pl\/spdabrowka\/author\/spdabrowka\/\" title=\"Wpisy, kt\u00f3rych autorem jest spdabrowka\" rel=\"author\">spdabrowka<\/a><time datetime=\"26 czerwca 2020\">26 czerwca 2020<\/time><\/p>\n<p>Dziesi\u0105tki lekcji, przerw i&nbsp;w&nbsp;ko\u0144cu ten ostatni dzwonek oznajmiaj\u0105cy koniec pewnego&#8230;<\/p>\n<p><a href=\"http:\/\/zspdabrowka.pl\/spdabrowka\/2020\/06\/26\/drodzy-uczniowie-klasy-osmej\/\">czytaj wi\u0119cej<\/a><br \/>\n<\/article>\n<article data-id=\"2622\">\n<header>\n<h2><a href=\"http:\/\/zspdabrowka.pl\/spdabrowka\/2020\/06\/24\/drodzy-osmoklasisci\/\" title=\"Drodzy \u00d3smoklasi\u015bci!\">Drodzy \u00d3smoklasi\u015bci!<\/a><\/h2>\n<\/header>\n<p><a href=\"http:\/\/zspdabrowka.pl\/spdabrowka\/author\/spdabrowka\/\" title=\"Wpisy, kt\u00f3rych autorem jest spdabrowka\" rel=\"author\">spdabrowka<\/a><time datetime=\"24 czerwca 2020\">24 czerwca 2020<\/time><\/p>\n<p>Drodzy \u00d3smoklasi\u015bci! &nbsp;&nbsp;&nbsp;&nbsp;&nbsp; Za chwil\u0119 zabrzmi dla Was ostatni dzwonek&#8230;<\/p>\n<p><a href=\"http:\/\/zspdabrowka.pl\/spdabrowka\/2020\/06\/24\/drodzy-osmoklasisci\/\">czytaj wi\u0119cej<\/a><br \/>\n<\/article>\n<article data-id=\"2615\">\n<header>\n<h2><a href=\"http:\/\/zspdabrowka.pl\/spdabrowka\/2020\/06\/23\/zakonczenie-roku-szkolnego\/\" title=\"Zako\u0144czenie roku szkolnego\">Zako\u0144czenie roku szkolnego<\/a><\/h2>\n<\/header>\n<p><a href=\"http:\/\/zspdabrowka.pl\/spdabrowka\/author\/spdabrowka\/\" title=\"Wpisy, kt\u00f3rych autorem jest spdabrowka\" rel=\"author\">spdabrowka<\/a><time datetime=\"23 czerwca 2020\">23 czerwca 2020<\/time><\/p>\n<p>Drodzy Rodzice &nbsp; Zako\u0144czenie roku szkolnego 2019\/2020, b\u0119dzie przebiega\u0142o inaczej&#8230;<\/p>\n<p><a href=\"http:\/\/zspdabrowka.pl\/spdabrowka\/2020\/06\/23\/zakonczenie-roku-szkolnego\/\">czytaj wi\u0119cej<\/a><br \/>\n<\/article>\n<article data-id=\"2561\">\n<header>\n<h2><a href=\"http:\/\/zspdabrowka.pl\/spdabrowka\/2020\/06\/09\/informacje-dotyczace-zwrotu-podrecznikow\/\" title=\"Informacje dotycz\u0105ce zwrotu podr\u0119cznik\u00f3w\">Informacje dotycz\u0105ce zwrotu podr\u0119cznik\u00f3w<\/a><\/h2>\n<\/header>\n<p><a href=\"http:\/\/zspdabrowka.pl\/spdabrowka\/author\/spdabrowka\/\" title=\"Wpisy, kt\u00f3rych autorem jest spdabrowka\" rel=\"author\">spdabrowka<\/a><time datetime=\"9 czerwca 2020\">9 czerwca 2020<\/time><\/p>\n<p>Informacje dotycz\u0105ce zwrotu podr\u0119cznik\u00f3w<\/p>\n<p><a href=\"http:\/\/zspdabrowka.pl\/spdabrowka\/2020\/06\/09\/informacje-dotyczace-zwrotu-podrecznikow\/\">czytaj wi\u0119cej<\/a><br \/>\n<\/article>\n<article data-id=\"2558\">\n<header>\n<h2><a href=\"http:\/\/zspdabrowka.pl\/spdabrowka\/2020\/06\/08\/drodzy-rodzice-i-uczniowie\/\" title=\"Drodzy Rodzice i Uczniowie\">Drodzy Rodzice i Uczniowie<\/a><\/h2>\n<\/header>\n<p><a href=\"http:\/\/zspdabrowka.pl\/spdabrowka\/author\/spdabrowka\/\" title=\"Wpisy, kt\u00f3rych autorem jest spdabrowka\" rel=\"author\">spdabrowka<\/a><time datetime=\"8 czerwca 2020\">8 czerwca 2020<\/time><\/p>\n<p>W zwi\u0105zku ze zbli\u017caj\u0105c\u0105 si\u0119 klasyfikacj\u0105 roczn\u0105, informuj\u0119, i\u017c 8&#8230;<\/p>\n<p><a href=\"http:\/\/zspdabrowka.pl\/spdabrowka\/2020\/06\/08\/drodzy-rodzice-i-uczniowie\/\">czytaj wi\u0119cej<\/a><br \/>\n<\/article>\n<article data-id=\"2554\">\n<header>\n<h2><a href=\"http:\/\/zspdabrowka.pl\/spdabrowka\/2020\/06\/08\/drodzy-rodzice\/\" title=\"Drodzy Rodzice\">Drodzy Rodzice<\/a><\/h2>\n<\/header>\n<p><a href=\"http:\/\/zspdabrowka.pl\/spdabrowka\/author\/spdabrowka\/\" title=\"Wpisy, kt\u00f3rych autorem jest spdabrowka\" rel=\"author\">spdabrowka<\/a><time datetime=\"8 czerwca 2020\">8 czerwca 2020<\/time><\/p>\n<p>Zgodnie z Rozporz\u0105dzeniem Ministra Edukacji Narodowej i Sportu w sprawie&#8230;<\/p>\n<p><a href=\"http:\/\/zspdabrowka.pl\/spdabrowka\/2020\/06\/08\/drodzy-rodzice\/\">czytaj wi\u0119cej<\/a><br \/>\n<\/article>\n<article data-id=\"2516\">\n<header>\n<h2><a href=\"http:\/\/zspdabrowka.pl\/spdabrowka\/2020\/06\/02\/wazne-informacje-dla-uczniow-klasy-8\/\" title=\"Wa\u017cne informacje dla uczni\u00f3w klasy 8\">Wa\u017cne informacje dla uczni\u00f3w klasy 8<\/a><\/h2>\n<\/header>\n<p><a href=\"http:\/\/zspdabrowka.pl\/spdabrowka\/author\/spdabrowka\/\" title=\"Wpisy, kt\u00f3rych autorem jest spdabrowka\" rel=\"author\">spdabrowka<\/a><time datetime=\"2 czerwca 2020\">2 czerwca 2020<\/time><\/p>\n<p>W zak\u0142adce \u201eDla uczni\u00f3w\u201d zosta\u0142y zamieszczone wa\u017cne informacje dla uczni\u00f3w&#8230;<\/p>\n<p><a href=\"http:\/\/zspdabrowka.pl\/spdabrowka\/2020\/06\/02\/wazne-informacje-dla-uczniow-klasy-8\/\">czytaj wi\u0119cej<\/a><br \/>\n<\/article>\n<article data-id=\"2479\">\n<header>\n<h2><a href=\"http:\/\/zspdabrowka.pl\/spdabrowka\/2020\/05\/31\/dzien-dziecka-1-czerwca\/\" title=\"Dzie\u0144 Dziecka \u2013 1 czerwca\">Dzie\u0144 Dziecka \u2013 1 czerwca<\/a><\/h2>\n<\/header>\n<p><a href=\"http:\/\/zspdabrowka.pl\/spdabrowka\/author\/spdabrowka\/\" title=\"Wpisy, kt\u00f3rych autorem jest spdabrowka\" rel=\"author\">spdabrowka<\/a><time datetime=\"31 maja 2020\">31 maja 2020<\/time><\/p>\n<p>Kochani, z okazji \u015bwi\u0119ta, kt\u00f3re przypada 1 czerwca, czyli &nbsp;Dnia&#8230;<\/p>\n<p><a href=\"http:\/\/zspdabrowka.pl\/spdabrowka\/2020\/05\/31\/dzien-dziecka-1-czerwca\/\">czytaj wi\u0119cej<\/a><br \/>\n<\/article>\n<article data-id=\"2445\">\n<header>\n<h2><a href=\"http:\/\/zspdabrowka.pl\/spdabrowka\/2020\/05\/24\/2445\/\" title=\"KONSULTACJE I ZAJ\u0118CIA REWALIDACYJNE\">KONSULTACJE I ZAJ\u0118CIA REWALIDACYJNE<\/a><\/h2>\n<\/header>\n<p><a href=\"http:\/\/zspdabrowka.pl\/spdabrowka\/author\/spdabrowka\/\" title=\"Wpisy, kt\u00f3rych autorem jest spdabrowka\" rel=\"author\">spdabrowka<\/a><time datetime=\"24 maja 2020\">24 maja 2020<\/time><\/p>\n<p>Szanowni Rodzice Od 25 maja 2020r. wprowadzone zostaj\u0105 konsultacje z&#8230;<\/p>\n<p><a href=\"http:\/\/zspdabrowka.pl\/spdabrowka\/2020\/05\/24\/2445\/\">czytaj wi\u0119cej<\/a><br \/>\n<\/article>\n<article data-id=\"2443\">\n<header>\n<h2><a href=\"http:\/\/zspdabrowka.pl\/spdabrowka\/2020\/05\/23\/wazna-informacja\/\" title=\"WA\u017bNA INFORMACJA!!!\">WA\u017bNA INFORMACJA!!!<\/a><\/h2>\n<\/header>\n<p><a href=\"http:\/\/zspdabrowka.pl\/spdabrowka\/author\/spdabrowka\/\" title=\"Wpisy, kt\u00f3rych autorem jest spdabrowka\" rel=\"author\">spdabrowka<\/a><time datetime=\"23 maja 2020\">23 maja 2020<\/time><\/p>\n<p>&nbsp; Dyrektor&nbsp; Zespo\u0142u Szkolno Przedszkolnego Publicznego&nbsp; Przedszkola w D\u0105br\u00f3wce z&#8230;<\/p>\n<p><a href=\"http:\/\/zspdabrowka.pl\/spdabrowka\/2020\/05\/23\/wazna-informacja\/\">czytaj wi\u0119cej<\/a><br \/>\n<\/article>\n<article data-id=\"2384\">\n<header>\n<h2><a href=\"http:\/\/zspdabrowka.pl\/spdabrowka\/2020\/05\/17\/100-rocznica-urodzin-papieza-jana-pawla-ii\/\" title=\"100 rocznica urodzin Papie\u017ca Jana Paw\u0142a II\">100 rocznica urodzin Papie\u017ca Jana Paw\u0142a II<\/a><\/h2>\n<\/header>\n<p><a href=\"http:\/\/zspdabrowka.pl\/spdabrowka\/author\/spdabrowka\/\" title=\"Wpisy, kt\u00f3rych autorem jest spdabrowka\" rel=\"author\">spdabrowka<\/a><time datetime=\"17 maja 2020\">17 maja 2020<\/time><\/p>\n<p>https:\/\/www.youtube.com\/watch?v=BXBi662_rjM &nbsp; \u015aw. Jan Pawe\u0142 II \u2013 Karol Wojty\u0142a \u2013&#8230;<\/p>\n<p><a href=\"http:\/\/zspdabrowka.pl\/spdabrowka\/2020\/05\/17\/100-rocznica-urodzin-papieza-jana-pawla-ii\/\">czytaj wi\u0119cej<\/a><br \/>\n<\/article>\n<article data-id=\"2341\">\n<header>\n<h2><a href=\"http:\/\/zspdabrowka.pl\/spdabrowka\/2020\/05\/07\/szanowni-rodzice-3\/\" title=\"Szanowni Rodzice!\">Szanowni Rodzice!<\/a><\/h2>\n<\/header>\n<p><a href=\"http:\/\/zspdabrowka.pl\/spdabrowka\/author\/spdabrowka\/\" title=\"Wpisy, kt\u00f3rych autorem jest spdabrowka\" rel=\"author\">spdabrowka<\/a><time datetime=\"7 maja 2020\">7 maja 2020<\/time><\/p>\n<p>Dyrektor&nbsp; Zespo\u0142u Szkolno Przedszkolnego Publicznego&nbsp; Przedszkola w D\u0105br\u00f3wce z Oddzia\u0142em&#8230;<\/p>\n<p><a href=\"http:\/\/zspdabrowka.pl\/spdabrowka\/2020\/05\/07\/szanowni-rodzice-3\/\">czytaj wi\u0119cej<\/a><br \/>\n<\/article>\n<article data-id=\"2319\">\n<header>\n<h2><a href=\"http:\/\/zspdabrowka.pl\/spdabrowka\/2020\/05\/04\/harmonogram-zajec-online\/\" title=\"Harmonogram zaj\u0119\u0107 online\">Harmonogram zaj\u0119\u0107 online<\/a><\/h2>\n<\/header>\n<p><a href=\"http:\/\/zspdabrowka.pl\/spdabrowka\/author\/spdabrowka\/\" title=\"Wpisy, kt\u00f3rych autorem jest spdabrowka\" rel=\"author\">spdabrowka<\/a><time datetime=\"4 maja 2020\">4 maja 2020<\/time><\/p>\n<p>harmonogram zaj\u0119\u0107 online<\/p>\n<p><a href=\"http:\/\/zspdabrowka.pl\/spdabrowka\/2020\/05\/04\/harmonogram-zajec-online\/\">czytaj wi\u0119cej<\/a><br \/>\n<\/article>\n<article data-id=\"2137\">\n<header>\n<h2><a href=\"http:\/\/zspdabrowka.pl\/spdabrowka\/2020\/04\/24\/komunikat\/\" title=\"Komunikat\">Komunikat<\/a><\/h2>\n<\/header>\n<p><a href=\"http:\/\/zspdabrowka.pl\/spdabrowka\/author\/spdabrowka\/\" title=\"Wpisy, kt\u00f3rych autorem jest spdabrowka\" rel=\"author\">spdabrowka<\/a><time datetime=\"24 kwietnia 2020\">24 kwietnia 2020<\/time><\/p>\n<p>SZANOWNI RODZICE, DRODZY UCZNIOWIE Dzie\u0144 24.04.2020r. (pi\u0105tek ) jest dniem&#8230;<\/p>\n<p><a href=\"http:\/\/zspdabrowka.pl\/spdabrowka\/2020\/04\/24\/komunikat\/\">czytaj wi\u0119cej<\/a><br \/>\n<\/article>\n<article data-id=\"1893\">\n<header>\n<h2><a href=\"http:\/\/zspdabrowka.pl\/spdabrowka\/2020\/04\/14\/wazne-informacje\/\" title=\"Wa\u017cne informacje\">Wa\u017cne informacje<\/a><\/h2>\n<\/header>\n<p><a href=\"http:\/\/zspdabrowka.pl\/spdabrowka\/author\/spdabrowka\/\" title=\"Wpisy, kt\u00f3rych autorem jest spdabrowka\" rel=\"author\">spdabrowka<\/a><time datetime=\"14 kwietnia 2020\">14 kwietnia 2020<\/time><\/p>\n<p>Szanowni Pa\u0144stwo, do 26 kwietnia br. przed\u0142u\u017cona zosta\u0142a przerwa w&#8230;<\/p>\n<p><a href=\"http:\/\/zspdabrowka.pl\/spdabrowka\/2020\/04\/14\/wazne-informacje\/\">czytaj wi\u0119cej<\/a><br \/>\n<\/article>\n<article data-id=\"1817\">\n<header>\n<h2><a href=\"http:\/\/zspdabrowka.pl\/spdabrowka\/2020\/04\/08\/zyczenia-wielkanocne\/\" title=\"\u017byczenia Wielkanocne\">\u017byczenia Wielkanocne<\/a><\/h2>\n<\/header>\n<p><a href=\"http:\/\/zspdabrowka.pl\/spdabrowka\/author\/spdabrowka\/\" title=\"Wpisy, kt\u00f3rych autorem jest spdabrowka\" rel=\"author\">spdabrowka<\/a><time datetime=\"8 kwietnia 2020\">8 kwietnia 2020<\/time><\/p>\n<p><a href=\"http:\/\/zspdabrowka.pl\/spdabrowka\/2020\/04\/08\/zyczenia-wielkanocne\/\">czytaj wi\u0119cej<\/a><br \/>\n<\/article>\n<article data-id=\"1646\">\n<header>\n<h2><a href=\"http:\/\/zspdabrowka.pl\/spdabrowka\/2020\/03\/31\/komunikat-dla-klasy-viii-2\/\" title=\"Komunikat dla klasy VIII\">Komunikat dla klasy VIII<\/a><\/h2>\n<\/header>\n<p><a href=\"http:\/\/zspdabrowka.pl\/spdabrowka\/author\/spdabrowka\/\" title=\"Wpisy, kt\u00f3rych autorem jest spdabrowka\" rel=\"author\">spdabrowka<\/a><time datetime=\"31 marca 2020\">31 marca 2020<\/time><\/p>\n<p>Komunikat dla klasy VIII 1 kwietnia spr\u00f3bujemy przyst\u0105pi\u0107 do egzaminu&#8230;<\/p>\n<p><a href=\"http:\/\/zspdabrowka.pl\/spdabrowka\/2020\/03\/31\/komunikat-dla-klasy-viii-2\/\">czytaj wi\u0119cej<\/a><br \/>\n<\/article>\n<article data-id=\"1493\">\n<header>\n<h2><a href=\"http:\/\/zspdabrowka.pl\/spdabrowka\/2020\/03\/29\/komunikat-dla-klasy-viii\/\" title=\"Komunikat dla klasy VIII\">Komunikat dla klasy VIII<\/a><\/h2>\n<\/header>\n<p><a href=\"http:\/\/zspdabrowka.pl\/spdabrowka\/author\/spdabrowka\/\" title=\"Wpisy, kt\u00f3rych autorem jest spdabrowka\" rel=\"author\">spdabrowka<\/a><time datetime=\"29 marca 2020\">29 marca 2020<\/time><\/p>\n<p>W dniach 30, 31,( marca) i 1 kwietnia spr\u00f3bujemy przyst\u0105pi\u0107&#8230;<\/p>\n<p><a href=\"http:\/\/zspdabrowka.pl\/spdabrowka\/2020\/03\/29\/komunikat-dla-klasy-viii\/\">czytaj wi\u0119cej<\/a><br \/>\n<\/article>\n<article data-id=\"1390\">\n<header>\n<h2><a href=\"http:\/\/zspdabrowka.pl\/spdabrowka\/2020\/03\/25\/do-czytelnikow\/\" title=\"Do Czytelnik\u00f3w!\">Do Czytelnik\u00f3w!<\/a><\/h2>\n<\/header>\n<p><a href=\"http:\/\/zspdabrowka.pl\/spdabrowka\/author\/spdabrowka\/\" title=\"Wpisy, kt\u00f3rych autorem jest spdabrowka\" rel=\"author\">spdabrowka<\/a><time datetime=\"25 marca 2020\">25 marca 2020<\/time><\/p>\n<p>Drogi Czytelniku, nie klikaj bez przerwy, bo to szarpie Twoje&#8230;<\/p>\n<p><a href=\"http:\/\/zspdabrowka.pl\/spdabrowka\/2020\/03\/25\/do-czytelnikow\/\">czytaj wi\u0119cej<\/a><br \/>\n<\/article>\n<article data-id=\"1386\">\n<header>\n<h2><a href=\"http:\/\/zspdabrowka.pl\/spdabrowka\/2020\/03\/25\/jak-skutecznie-uczyc-sie-w-domu\/\" title=\"Jak skutecznie uczy\u0107 si\u0119 w domu?\">Jak skutecznie uczy\u0107 si\u0119 w domu?<\/a><\/h2>\n<\/header>\n<p><a href=\"http:\/\/zspdabrowka.pl\/spdabrowka\/author\/spdabrowka\/\" title=\"Wpisy, kt\u00f3rych autorem jest spdabrowka\" rel=\"author\">spdabrowka<\/a><time datetime=\"25 marca 2020\">25 marca 2020<\/time><\/p>\n<p><a href=\"http:\/\/zspdabrowka.pl\/spdabrowka\/2020\/03\/25\/jak-skutecznie-uczyc-sie-w-domu\/\">czytaj wi\u0119cej<\/a><br \/>\n<\/article>\n<article data-id=\"1384\">\n<header>\n<h2><a href=\"http:\/\/zspdabrowka.pl\/spdabrowka\/2020\/03\/25\/1384\/\" title=\"\"><\/a><\/h2>\n<\/header>\n<p><a href=\"http:\/\/zspdabrowka.pl\/spdabrowka\/author\/spdabrowka\/\" title=\"Wpisy, kt\u00f3rych autorem jest spdabrowka\" rel=\"author\">spdabrowka<\/a><time datetime=\"25 marca 2020\">25 marca 2020<\/time><\/p>\n<p>SZANOWNI RODZICE, DRODZY UCZNIOWIE W dniu 20.03.2020 br.) Rz\u0105d RP&#8230;<\/p>\n<p><a href=\"http:\/\/zspdabrowka.pl\/spdabrowka\/2020\/03\/25\/1384\/\">czytaj wi\u0119cej<\/a><br \/>\n<\/article>\n<article data-id=\"1360\">\n<header>\n<h2><a href=\"http:\/\/zspdabrowka.pl\/spdabrowka\/2020\/03\/24\/informacja\/\" title=\"INFORMACJA\">INFORMACJA<\/a><\/h2>\n<\/header>\n<p><a href=\"http:\/\/zspdabrowka.pl\/spdabrowka\/author\/spdabrowka\/\" title=\"Wpisy, kt\u00f3rych autorem jest spdabrowka\" rel=\"author\">spdabrowka<\/a><time datetime=\"24 marca 2020\">24 marca 2020<\/time><\/p>\n<p>Drodzy uczniowie i rodzice! Je\u015bli w tym trudnym dla nas&#8230;<\/p>\n<p><a href=\"http:\/\/zspdabrowka.pl\/spdabrowka\/2020\/03\/24\/informacja\/\">czytaj wi\u0119cej<\/a><br \/>\n<\/article>\n<article data-id=\"1352\">\n<header>\n<h2><a href=\"http:\/\/zspdabrowka.pl\/spdabrowka\/2020\/03\/24\/informacja-o-zajeciach-logopedycznych\/\" title=\"Informacja o zaj\u0119ciach logopedycznych\">Informacja o zaj\u0119ciach logopedycznych<\/a><\/h2>\n<\/header>\n<p><a href=\"http:\/\/zspdabrowka.pl\/spdabrowka\/author\/spdabrowka\/\" title=\"Wpisy, kt\u00f3rych autorem jest spdabrowka\" rel=\"author\">spdabrowka<\/a><time datetime=\"24 marca 2020\">24 marca 2020<\/time><\/p>\n<p>Drodzy Rodzice! &nbsp; &nbsp;&nbsp;&nbsp;&nbsp;&nbsp;&nbsp;&nbsp;&nbsp;&nbsp;&nbsp;&nbsp; Z uwagi na zaistnia\u0142\u0105 sytuacj\u0119, kt\u00f3ra&#8230;<\/p>\n<p><a href=\"http:\/\/zspdabrowka.pl\/spdabrowka\/2020\/03\/24\/informacja-o-zajeciach-logopedycznych\/\">czytaj wi\u0119cej<\/a><br \/>\n<\/article>\n<article data-id=\"1324\">\n<header>\n<h2><a href=\"http:\/\/zspdabrowka.pl\/spdabrowka\/2020\/03\/23\/zajecia-kreatywne-swietlica\/\" title=\"Zaj\u0119cia Kreatywne \u015awietlica\">Zaj\u0119cia Kreatywne \u015awietlica<\/a><\/h2>\n<\/header>\n<p><a href=\"http:\/\/zspdabrowka.pl\/spdabrowka\/author\/spdabrowka\/\" title=\"Wpisy, kt\u00f3rych autorem jest spdabrowka\" rel=\"author\">spdabrowka<\/a><time datetime=\"23 marca 2020\">23 marca 2020<\/time><\/p>\n<p>Na fb utworzony zosta\u0142 profil: Zaj\u0119cia Kreatywne \u015awietlica. Zapraszamy wszystkich&#8230;<\/p>\n<p><a href=\"http:\/\/zspdabrowka.pl\/spdabrowka\/2020\/03\/23\/zajecia-kreatywne-swietlica\/\">czytaj wi\u0119cej<\/a><br \/>\n<\/article>\n<article data-id=\"1316\">\n<header>\n<h2><a href=\"http:\/\/zspdabrowka.pl\/spdabrowka\/2020\/03\/23\/potwierdzenie-woli-przyjecia-dziecka-do-szkoly\/\" title=\"Potwierdzenie woli przyj\u0119cia dziecka do szko\u0142y\">Potwierdzenie woli przyj\u0119cia dziecka do szko\u0142y<\/a><\/h2>\n<\/header>\n<p><a href=\"http:\/\/zspdabrowka.pl\/spdabrowka\/author\/spdabrowka\/\" title=\"Wpisy, kt\u00f3rych autorem jest spdabrowka\" rel=\"author\">spdabrowka<\/a><time datetime=\"23 marca 2020\">23 marca 2020<\/time><\/p>\n<p>POTWIERDZENIE-WOLI<\/p>\n<p><a href=\"http:\/\/zspdabrowka.pl\/spdabrowka\/2020\/03\/23\/potwierdzenie-woli-przyjecia-dziecka-do-szkoly\/\">czytaj wi\u0119cej<\/a><br \/>\n<\/article>\n<article data-id=\"1304\">\n<header>\n<h2><a href=\"http:\/\/zspdabrowka.pl\/spdabrowka\/2020\/03\/22\/komunikat-zawieszenie-zajec\/\" title=\"Komunikat- zawieszenie zaj\u0119\u0107\">Komunikat- zawieszenie zaj\u0119\u0107<\/a><\/h2>\n<\/header>\n<p><a href=\"http:\/\/zspdabrowka.pl\/spdabrowka\/author\/spdabrowka\/\" title=\"Wpisy, kt\u00f3rych autorem jest spdabrowka\" rel=\"author\">spdabrowka<\/a><time datetime=\"22 marca 2020\">22 marca 2020<\/time><\/p>\n<p>Szanowni Rodzice Zgodnie z decyzj\u0105 Ministerstwa Edukacji Narodowej zosta\u0142o przed\u0142u\u017cone&#8230;<\/p>\n<p><a href=\"http:\/\/zspdabrowka.pl\/spdabrowka\/2020\/03\/22\/komunikat-zawieszenie-zajec\/\">czytaj wi\u0119cej<\/a><br \/>\n<\/article>\n<article data-id=\"1273\">\n<header>\n<h2><a href=\"http:\/\/zspdabrowka.pl\/spdabrowka\/2020\/03\/19\/zasady-bezpiecznego-korzystania-z-internetu-dla-dzieci\/\" title=\"Zasady bezpiecznego korzystania z Internetu dla dzieci\">Zasady bezpiecznego korzystania z Internetu dla dzieci<\/a><\/h2>\n<\/header>\n<p><a href=\"http:\/\/zspdabrowka.pl\/spdabrowka\/author\/spdabrowka\/\" title=\"Wpisy, kt\u00f3rych autorem jest spdabrowka\" rel=\"author\">spdabrowka<\/a><time datetime=\"19 marca 2020\">19 marca 2020<\/time><\/p>\n<p>Do pobrania:&nbsp;Zasady bezpiecznego korzystania z Internetu<\/p>\n<p><a href=\"http:\/\/zspdabrowka.pl\/spdabrowka\/2020\/03\/19\/zasady-bezpiecznego-korzystania-z-internetu-dla-dzieci\/\">czytaj wi\u0119cej<\/a><br \/>\n<\/article>\n<article data-id=\"1271\">\n<header>\n<h2><a href=\"http:\/\/zspdabrowka.pl\/spdabrowka\/2020\/03\/19\/telefoniczne-wsparcie-psychologiczne-dla-dzieci-i-doroslych\/\" title=\"Telefoniczne wsparcie psychologiczne dla dzieci i doros\u0142ych&nbsp;\">Telefoniczne wsparcie psychologiczne dla dzieci i doros\u0142ych&nbsp;<\/a><\/h2>\n<\/header>\n<p><a href=\"http:\/\/zspdabrowka.pl\/spdabrowka\/author\/spdabrowka\/\" title=\"Wpisy, kt\u00f3rych autorem jest spdabrowka\" rel=\"author\">spdabrowka<\/a><time datetime=\"19 marca 2020\">19 marca 2020<\/time><\/p>\n<p>Specjali\u015bci O\u015brodka&nbsp; Interwencji Kryzysowej w Bochni tel.: 14 611 28&#8230;<\/p>\n<p><a href=\"http:\/\/zspdabrowka.pl\/spdabrowka\/2020\/03\/19\/telefoniczne-wsparcie-psychologiczne-dla-dzieci-i-doroslych\/\">czytaj wi\u0119cej<\/a><br \/>\n<\/article>\n<article data-id=\"1265\">\n<header>\n<h2><a href=\"http:\/\/zspdabrowka.pl\/spdabrowka\/2020\/03\/19\/informacja-dla-rodzicow-jak-wspierac-i-motywowac-dzieci-do-nauki-poza-szkola\/\" title=\"Informacja dla rodzic\u00f3w- Jak wspiera\u0107 i motywowa\u0107 dzieci do nauki poza szko\u0142\u0105?\">Informacja dla rodzic\u00f3w- Jak wspiera\u0107 i motywowa\u0107 dzieci do nauki poza szko\u0142\u0105?<\/a><\/h2>\n<\/header>\n<p><a href=\"http:\/\/zspdabrowka.pl\/spdabrowka\/author\/spdabrowka\/\" title=\"Wpisy, kt\u00f3rych autorem jest spdabrowka\" rel=\"author\">spdabrowka<\/a><time datetime=\"19 marca 2020\">19 marca 2020<\/time><\/p>\n<p>Do pobrania: Informacja rodzice<\/p>\n<p><a href=\"http:\/\/zspdabrowka.pl\/spdabrowka\/2020\/03\/19\/informacja-dla-rodzicow-jak-wspierac-i-motywowac-dzieci-do-nauki-poza-szkola\/\">czytaj wi\u0119cej<\/a><br \/>\n<\/article>\n<article data-id=\"1077\">\n<header>\n<h2><a href=\"http:\/\/zspdabrowka.pl\/spdabrowka\/2020\/03\/18\/1077\/\" title=\"Informacje dotycz\u0105ce nauki w okresie zawieszenia zaj\u0119\u0107- aktualizacja\">Informacje dotycz\u0105ce nauki w okresie zawieszenia zaj\u0119\u0107- aktualizacja<\/a><\/h2>\n<\/header>\n<p><a href=\"http:\/\/zspdabrowka.pl\/spdabrowka\/author\/spdabrowka\/\" title=\"Wpisy, kt\u00f3rych autorem jest spdabrowka\" rel=\"author\">spdabrowka<\/a><time datetime=\"18 marca 2020\">18 marca 2020<\/time><\/p>\n<p>Informacje dotycz\u0105ce nauki w okresie zawieszenia zaj\u0119\u0107, przekazane przez nauczycieli&#8230;<\/p>\n<p><a href=\"http:\/\/zspdabrowka.pl\/spdabrowka\/2020\/03\/18\/1077\/\">czytaj wi\u0119cej<\/a><br \/>\n<\/article>\n<article data-id=\"1176\">\n<header>\n<h2><a href=\"http:\/\/zspdabrowka.pl\/spdabrowka\/2020\/03\/17\/uczniowie\/\" title=\"Drodzy Uczniowie\">Drodzy Uczniowie<\/a><\/h2>\n<\/header>\n<p><a href=\"http:\/\/zspdabrowka.pl\/spdabrowka\/author\/spdabrowka\/\" title=\"Wpisy, kt\u00f3rych autorem jest spdabrowka\" rel=\"author\">spdabrowka<\/a><time datetime=\"17 marca 2020\">17 marca 2020<\/time><\/p>\n<p>Uczniowie: Celem zapewnienia ci\u0105g\u0142o\u015bci nauczania i wsparcia Waszej samodzielnej pracy&#8230;<\/p>\n<p><a href=\"http:\/\/zspdabrowka.pl\/spdabrowka\/2020\/03\/17\/uczniowie\/\">czytaj wi\u0119cej<\/a><br \/>\n<\/article>\n<article data-id=\"1153\">\n<header>\n<h2><a href=\"http:\/\/zspdabrowka.pl\/spdabrowka\/2020\/03\/17\/apel-ministra-edukacji\/\" title=\"Apel Ministra Edukacji\">Apel Ministra Edukacji<\/a><\/h2>\n<\/header>\n<p><a href=\"http:\/\/zspdabrowka.pl\/spdabrowka\/author\/spdabrowka\/\" title=\"Wpisy, kt\u00f3rych autorem jest spdabrowka\" rel=\"author\">spdabrowka<\/a><time datetime=\"17 marca 2020\">17 marca 2020<\/time><\/p>\n<p>W odpowiedzi na zaistnia\u0142\u0105 sytuacj\u0119 i apel Ministra Edukacji Narodowej,&#8230;<\/p>\n<p><a href=\"http:\/\/zspdabrowka.pl\/spdabrowka\/2020\/03\/17\/apel-ministra-edukacji\/\">czytaj wi\u0119cej<\/a><br \/>\n<\/article>\n<article data-id=\"1151\">\n<header>\n<h2><a href=\"http:\/\/zspdabrowka.pl\/spdabrowka\/2020\/03\/17\/materialy-edukacyjne\/\" title=\"Materia\u0142y edukacyjne\">Materia\u0142y edukacyjne<\/a><\/h2>\n<\/header>\n<p><a href=\"http:\/\/zspdabrowka.pl\/spdabrowka\/author\/spdabrowka\/\" title=\"Wpisy, kt\u00f3rych autorem jest spdabrowka\" rel=\"author\">spdabrowka<\/a><time datetime=\"17 marca 2020\">17 marca 2020<\/time><\/p>\n<p>Materia\u0142y edukacyjne \u2013 polecane platformy, strony i serwisy internetowe &nbsp;&#8230;<\/p>\n<p><a href=\"http:\/\/zspdabrowka.pl\/spdabrowka\/2020\/03\/17\/materialy-edukacyjne\/\">czytaj wi\u0119cej<\/a><br \/>\n<\/article>\n<article data-id=\"1141\">\n<header>\n<h2><a href=\"http:\/\/zspdabrowka.pl\/spdabrowka\/2020\/03\/17\/drodzy-uczniowie-2\/\" title=\"Drodzy uczniowie\">Drodzy uczniowie<\/a><\/h2>\n<\/header>\n<p><a href=\"http:\/\/zspdabrowka.pl\/spdabrowka\/author\/spdabrowka\/\" title=\"Wpisy, kt\u00f3rych autorem jest spdabrowka\" rel=\"author\">spdabrowka<\/a><time datetime=\"17 marca 2020\">17 marca 2020<\/time><\/p>\n<p>Drodzy Rodzice i Uczniowie Ministerstwo Edukacji Narodowej udost\u0119pni\u0142o szereg materia\u0142\u00f3w&#8230;<\/p>\n<p><a href=\"http:\/\/zspdabrowka.pl\/spdabrowka\/2020\/03\/17\/drodzy-uczniowie-2\/\">czytaj wi\u0119cej<\/a><br \/>\n<\/article>\n<article data-id=\"1119\">\n<header>\n<h2><a href=\"http:\/\/zspdabrowka.pl\/spdabrowka\/2020\/03\/17\/szanowni-rodzice-2\/\" title=\"Szanowni Rodzice\">Szanowni Rodzice<\/a><\/h2>\n<\/header>\n<p><a href=\"http:\/\/zspdabrowka.pl\/spdabrowka\/author\/spdabrowka\/\" title=\"Wpisy, kt\u00f3rych autorem jest spdabrowka\" rel=\"author\">spdabrowka<\/a><time datetime=\"17 marca 2020\">17 marca 2020<\/time><\/p>\n<p>Od 15 marca wracaj\u0105cy z zagranicy maj\u0105 obowi\u0105zek poddania si\u0119&#8230;<\/p>\n<p><a href=\"http:\/\/zspdabrowka.pl\/spdabrowka\/2020\/03\/17\/szanowni-rodzice-2\/\">czytaj wi\u0119cej<\/a><br \/>\n<\/article>\n<article data-id=\"1082\">\n<header>\n<h2><a href=\"http:\/\/zspdabrowka.pl\/spdabrowka\/2020\/03\/15\/informacja-centralnej-komisji-egzaminacyjnej\/\" title=\"Informacja Centralnej Komisji Egzaminacyjnej\">Informacja Centralnej Komisji Egzaminacyjnej<\/a><\/h2>\n<\/header>\n<p><a href=\"http:\/\/zspdabrowka.pl\/spdabrowka\/author\/spdabrowka\/\" title=\"Wpisy, kt\u00f3rych autorem jest spdabrowka\" rel=\"author\">spdabrowka<\/a><time datetime=\"15 marca 2020\">15 marca 2020<\/time><\/p>\n<p>Centralna Komisja Egzaminacyjna przygotowa\u0142a pakiet materia\u0142\u00f3w dla 8-klasist\u00f3w. Codziennie o&#8230;<\/p>\n<p><a href=\"http:\/\/zspdabrowka.pl\/spdabrowka\/2020\/03\/15\/informacja-centralnej-komisji-egzaminacyjnej\/\">czytaj wi\u0119cej<\/a><br \/>\n<\/article>\n<article data-id=\"1095\">\n<header>\n<h2><a href=\"http:\/\/zspdabrowka.pl\/spdabrowka\/2020\/03\/13\/drodzy-uczniowie\/\" title=\"Drodzy uczniowie\">Drodzy uczniowie<\/a><\/h2>\n<\/header>\n<p><a href=\"http:\/\/zspdabrowka.pl\/spdabrowka\/author\/spdabrowka\/\" title=\"Wpisy, kt\u00f3rych autorem jest spdabrowka\" rel=\"author\">spdabrowka<\/a><time datetime=\"13 marca 2020\">13 marca 2020<\/time><\/p>\n<p>Drodzy Uczniowie Pami\u0119tajcie, \u017ce te dwa tygodnie to nie ferie&#8230;.<\/p>\n<p><a href=\"http:\/\/zspdabrowka.pl\/spdabrowka\/2020\/03\/13\/drodzy-uczniowie\/\">czytaj wi\u0119cej<\/a><br \/>\n<\/article>\n<article data-id=\"1075\">\n<header>\n<h2><a href=\"http:\/\/zspdabrowka.pl\/spdabrowka\/2020\/03\/13\/szanowni-rodzice\/\" title=\"Szanowni Rodzice\">Szanowni Rodzice<\/a><\/h2>\n<\/header>\n<p><a href=\"http:\/\/zspdabrowka.pl\/spdabrowka\/author\/spdabrowka\/\" title=\"Wpisy, kt\u00f3rych autorem jest spdabrowka\" rel=\"author\">spdabrowka<\/a><time datetime=\"13 marca 2020\">13 marca 2020<\/time><\/p>\n<p>Szanowni Rodzice W zwi\u0105zku z zawieszeniem zaj\u0119\u0107 prosimy o zach\u0119canie&#8230;<\/p>\n<p><a href=\"http:\/\/zspdabrowka.pl\/spdabrowka\/2020\/03\/13\/szanowni-rodzice\/\">czytaj wi\u0119cej<\/a><br \/>\n<\/article>\n<article data-id=\"1052\">\n<header>\n<h2><a href=\"http:\/\/zspdabrowka.pl\/spdabrowka\/2020\/03\/11\/decyzja-ministra-edukacji-narodowej-zawieszenie-zajec-dydaktyczno-wychowawczych-w-przedszkolach-szkolach-i-placowkach-oswiatowych\/\" title=\"Decyzja Ministra Edukacji Narodowej o zawieszeniu zaj\u0119\u0107 dydaktyczno-wychowawczych w przedszkolach, szko\u0142ach i plac\u00f3wkach o\u015bwiatowych\">Decyzja Ministra Edukacji Narodowej o zawieszeniu zaj\u0119\u0107 dydaktyczno-wychowawczych w przedszkolach, szko\u0142ach i plac\u00f3wkach o\u015bwiatowych<\/a><\/h2>\n<\/header>\n<p><a href=\"http:\/\/zspdabrowka.pl\/spdabrowka\/author\/spdabrowka\/\" title=\"Wpisy, kt\u00f3rych autorem jest spdabrowka\" rel=\"author\">spdabrowka<\/a><time datetime=\"11 marca 2020\">11 marca 2020<\/time><\/p>\n<p>Decyzja Ministra Edukacji Narodowej o zawieszeniu zaj\u0119\u0107<\/p>\n<p><a href=\"http:\/\/zspdabrowka.pl\/spdabrowka\/2020\/03\/11\/decyzja-ministra-edukacji-narodowej-zawieszenie-zajec-dydaktyczno-wychowawczych-w-przedszkolach-szkolach-i-placowkach-oswiatowych\/\">czytaj wi\u0119cej<\/a><br \/>\n<\/article>\n<article data-id=\"1047\">\n<header>\n<h2><a href=\"http:\/\/zspdabrowka.pl\/spdabrowka\/2020\/03\/03\/dziekujemy\/\" title=\"Dzi\u0119kujemy!!!\">Dzi\u0119kujemy!!!<\/a><\/h2>\n<\/header>\n<p><a href=\"http:\/\/zspdabrowka.pl\/spdabrowka\/author\/spdabrowka\/\" title=\"Wpisy, kt\u00f3rych autorem jest spdabrowka\" rel=\"author\">spdabrowka<\/a><time datetime=\"3 marca 2020\">3 marca 2020<\/time><\/p>\n<p><a href=\"http:\/\/zspdabrowka.pl\/spdabrowka\/2020\/03\/03\/dziekujemy\/\">czytaj wi\u0119cej<\/a><br \/>\n<\/article>\n<article data-id=\"1044\">\n<header>\n<h2><a href=\"http:\/\/zspdabrowka.pl\/spdabrowka\/2020\/02\/28\/koronawirus-jak-zapobiegac-zakazeniu\/\" title=\"Koronawirus \u2013 jak zapobiega\u0107 zaka\u017ceniu?\">Koronawirus \u2013 jak zapobiega\u0107 zaka\u017ceniu?<\/a><\/h2>\n<\/header>\n<p><a href=\"http:\/\/zspdabrowka.pl\/spdabrowka\/author\/spdabrowka\/\" title=\"Wpisy, kt\u00f3rych autorem jest spdabrowka\" rel=\"author\">spdabrowka<\/a><time datetime=\"28 lutego 2020\">28 lutego 2020<\/time><\/p>\n<p>koronawirus \u2013 plakat informacyjny<\/p>\n<p><a href=\"http:\/\/zspdabrowka.pl\/spdabrowka\/2020\/02\/28\/koronawirus-jak-zapobiegac-zakazeniu\/\">czytaj wi\u0119cej<\/a><br \/>\n<\/article>\n<article data-id=\"935\">\n<header>\n<h2><a href=\"http:\/\/zspdabrowka.pl\/spdabrowka\/2020\/01\/18\/dzien-babci-i-dziadka\/\" title=\"Dzie\u0144 Babci i Dziadka\">Dzie\u0144 Babci i Dziadka<\/a><\/h2>\n<\/header>\n<p><a href=\"http:\/\/zspdabrowka.pl\/spdabrowka\/author\/spdabrowka\/\" title=\"Wpisy, kt\u00f3rych autorem jest spdabrowka\" rel=\"author\">spdabrowka<\/a><time datetime=\"18 stycznia 2020\">18 stycznia 2020<\/time><\/p>\n<p><iframe title=\"dzie\u0144 Babci\" width=\"500\" height=\"281\" src=\"https:\/\/www.youtube.com\/embed\/OAkPYBHN3IA?feature=oembed\" frameborder=\"0\" allow=\"accelerometer; autoplay; clipboard-write; encrypted-media; gyroscope; picture-in-picture\" allowfullscreen><\/iframe><\/p>\n<p><a href=\"http:\/\/zspdabrowka.pl\/spdabrowka\/2020\/01\/18\/dzien-babci-i-dziadka\/\">czytaj wi\u0119cej<\/a><br \/>\n<\/article>\n<article data-id=\"926\">\n<header>\n<h2><a href=\"http:\/\/zspdabrowka.pl\/spdabrowka\/2020\/01\/13\/wspolne-koledowanie\/\" title=\"Wsp\u00f3lne Kol\u0119dowanie\">Wsp\u00f3lne Kol\u0119dowanie<\/a><\/h2>\n<\/header>\n<p><a href=\"http:\/\/zspdabrowka.pl\/spdabrowka\/author\/spdabrowka\/\" title=\"Wpisy, kt\u00f3rych autorem jest spdabrowka\" rel=\"author\">spdabrowka<\/a><time datetime=\"13 stycznia 2020\">13 stycznia 2020<\/time><\/p>\n<p><a href=\"http:\/\/zspdabrowka.pl\/spdabrowka\/2020\/01\/13\/wspolne-koledowanie\/\">czytaj wi\u0119cej<\/a><br \/>\n<\/article>\n<article data-id=\"917\">\n<header>\n<h2><a href=\"http:\/\/zspdabrowka.pl\/spdabrowka\/2020\/01\/09\/swiatowy-dzien-walki-z-aids\/\" title=\"\u015awiatowy Dzie\u0144 Walki z AIDS\">\u015awiatowy Dzie\u0144 Walki z AIDS<\/a><\/h2>\n<\/header>\n<p><a href=\"http:\/\/zspdabrowka.pl\/spdabrowka\/author\/spdabrowka\/\" title=\"Wpisy, kt\u00f3rych autorem jest spdabrowka\" rel=\"author\">spdabrowka<\/a><time datetime=\"9 stycznia 2020\">9 stycznia 2020<\/time><\/p>\n<p>Pierwszy grudnia to \u015awiatowy Dzie\u0144 Walki z AIDS. Dlatego w&#8230;<\/p>\n<p><a href=\"http:\/\/zspdabrowka.pl\/spdabrowka\/2020\/01\/09\/swiatowy-dzien-walki-z-aids\/\">czytaj wi\u0119cej<\/a><br \/>\n<\/article>\n<article data-id=\"960\">\n            <a href=\"http:\/\/zspdabrowka.pl\/spdabrowka\/2019\/12\/19\/iv-szkolny-konkurs-koled-i-pastoralek\/\"><\/a><br \/>\n<img src=\"http:\/\/zspdabrowka.pl\/spdabrowka\/wp-content\/uploads\/2020\/01\/IMG_20191219_100154-300x225.jpg\" alt=\"\"><\/p>\n<header>\n<h2><a href=\"http:\/\/zspdabrowka.pl\/spdabrowka\/2019\/12\/19\/iv-szkolny-konkurs-koled-i-pastoralek\/\" title=\"IV SZKOLNY KONKURS KOL\u0118D I PASTORA\u0141EK\">IV SZKOLNY KONKURS KOL\u0118D I PASTORA\u0141EK<\/a><\/h2>\n<\/header>\n<p><a href=\"http:\/\/zspdabrowka.pl\/spdabrowka\/author\/spdabrowka\/\" title=\"Wpisy, kt\u00f3rych autorem jest spdabrowka\" rel=\"author\">spdabrowka<\/a><time datetime=\"19 grudnia 2019\">19 grudnia 2019<\/time><\/p>\n<p>B\u00f3g si\u0119 rodzi, moc truchleje, Pan niebios\u00f3w obna\u017cony; Ogie\u0144 krzepnie,&#8230;<\/p>\n<p><a href=\"http:\/\/zspdabrowka.pl\/spdabrowka\/2019\/12\/19\/iv-szkolny-konkurs-koled-i-pastoralek\/\">czytaj wi\u0119cej<\/a><br \/>\n<\/article>\n<article data-id=\"885\">\n<header>\n<h2><a href=\"http:\/\/zspdabrowka.pl\/spdabrowka\/2019\/12\/11\/wyjazd-mikolajkowy\/\" title=\"WYJAZD MIKO\u0141AJKOWY\">WYJAZD MIKO\u0141AJKOWY<\/a><\/h2>\n<\/header>\n<p><a href=\"http:\/\/zspdabrowka.pl\/spdabrowka\/author\/spdabrowka\/\" title=\"Wpisy, kt\u00f3rych autorem jest spdabrowka\" rel=\"author\">spdabrowka<\/a><time datetime=\"11 grudnia 2019\">11 grudnia 2019<\/time><\/p>\n<p>W \u015brod\u0119 11 grudnia 2019r. klasa VII i klasa&nbsp; VIII&#8230;<\/p>\n<p><a href=\"http:\/\/zspdabrowka.pl\/spdabrowka\/2019\/12\/11\/wyjazd-mikolajkowy\/\">czytaj wi\u0119cej<\/a><br \/>\n<\/article>\n<article data-id=\"876\">\n<header>\n<h2><a href=\"http:\/\/zspdabrowka.pl\/spdabrowka\/2019\/12\/04\/x-edycja-konkursu-odblaskowa-szkola\/\" title=\"X EDYCJA KONKURSU ODBLASKOWA SZKO\u0141A\">X EDYCJA KONKURSU ODBLASKOWA SZKO\u0141A<\/a><\/h2>\n<\/header>\n<p><a href=\"http:\/\/zspdabrowka.pl\/spdabrowka\/author\/spdabrowka\/\" title=\"Wpisy, kt\u00f3rych autorem jest spdabrowka\" rel=\"author\">spdabrowka<\/a><time datetime=\"4 grudnia 2019\">4 grudnia 2019<\/time><\/p>\n<p>4 grudnia 2019r. wyr\u00f3\u017cniaj\u0105cy si\u0119 uczniowie z naszej gminy uczestniczyli&#8230;<\/p>\n<p><a href=\"http:\/\/zspdabrowka.pl\/spdabrowka\/2019\/12\/04\/x-edycja-konkursu-odblaskowa-szkola\/\">czytaj wi\u0119cej<\/a><br \/>\n<\/article>\n<article data-id=\"848\">\n            <a href=\"http:\/\/zspdabrowka.pl\/spdabrowka\/2019\/12\/03\/ta-zakladka-ci-podpowie-na-ktorym-skonczyles-slowie\/\"><\/a><br \/>\n<img src=\"http:\/\/zspdabrowka.pl\/spdabrowka\/wp-content\/uploads\/2019\/12\/20191113_114402-300x225.jpg\" alt=\"\"><\/p>\n<header>\n<h2><a href=\"http:\/\/zspdabrowka.pl\/spdabrowka\/2019\/12\/03\/ta-zakladka-ci-podpowie-na-ktorym-skonczyles-slowie\/\" title=\"Ta zak\u0142adka ci podpowie, na kt\u00f3rym sko\u0144czy\u0142e\u015b s\u0142owie!\">Ta zak\u0142adka ci podpowie, na kt\u00f3rym sko\u0144czy\u0142e\u015b s\u0142owie!<\/a><\/h2>\n<\/header>\n<p><a href=\"http:\/\/zspdabrowka.pl\/spdabrowka\/author\/spdabrowka\/\" title=\"Wpisy, kt\u00f3rych autorem jest spdabrowka\" rel=\"author\">spdabrowka<\/a><time datetime=\"3 grudnia 2019\">3 grudnia 2019<\/time><\/p>\n<p>Konkurs na naj\u0142adniejsz\u0105 zak\u0142adk\u0119 zosta\u0142 rozstrzygni\u0119ty. Uczniowie z klas od&#8230;<\/p>\n<p><a href=\"http:\/\/zspdabrowka.pl\/spdabrowka\/2019\/12\/03\/ta-zakladka-ci-podpowie-na-ktorym-skonczyles-slowie\/\">czytaj wi\u0119cej<\/a><br \/>\n<\/article>\n<article data-id=\"856\">\n            <a href=\"http:\/\/zspdabrowka.pl\/spdabrowka\/2019\/11\/27\/wycieczka-do-panstwowej-strazy-pozarnej-w-bochni-2\/\"><\/a><br \/>\n<img src=\"http:\/\/zspdabrowka.pl\/spdabrowka\/wp-content\/uploads\/2019\/12\/IMG20191127102309-300x169.jpg\" alt=\"\"><\/p>\n<header>\n<h2><a href=\"http:\/\/zspdabrowka.pl\/spdabrowka\/2019\/11\/27\/wycieczka-do-panstwowej-strazy-pozarnej-w-bochni-2\/\" title=\"Wycieczka do Pa\u0144stwowej Stra\u017cy Po\u017carnej w Bochni\">Wycieczka do Pa\u0144stwowej Stra\u017cy Po\u017carnej w Bochni<\/a><\/h2>\n<\/header>\n<p><a href=\"http:\/\/zspdabrowka.pl\/spdabrowka\/author\/spdabrowka\/\" title=\"Wpisy, kt\u00f3rych autorem jest spdabrowka\" rel=\"author\">spdabrowka<\/a><time datetime=\"27 listopada 2019\">27 listopada 2019<\/time><\/p>\n<p>27 listopada 2019 r. uczniowie klasy \u00f3smej wybrali si\u0119 na&#8230;<\/p>\n<p><a href=\"http:\/\/zspdabrowka.pl\/spdabrowka\/2019\/11\/27\/wycieczka-do-panstwowej-strazy-pozarnej-w-bochni-2\/\">czytaj wi\u0119cej<\/a><br \/>\n<\/article>\n<article data-id=\"843\">\n            <a href=\"http:\/\/zspdabrowka.pl\/spdabrowka\/2019\/11\/26\/laureatki-konkursu-plastycznego-pejzaz\/\"><\/a><br \/>\n<img src=\"http:\/\/zspdabrowka.pl\/spdabrowka\/wp-content\/uploads\/2019\/11\/1-1-300x172.jpg\" alt=\"\"><\/p>\n<header>\n<h2><a href=\"http:\/\/zspdabrowka.pl\/spdabrowka\/2019\/11\/26\/laureatki-konkursu-plastycznego-pejzaz\/\" title=\"Laureatki konkursu plastycznego \u2013 Pejza\u017c\">Laureatki konkursu plastycznego \u2013 Pejza\u017c<\/a><\/h2>\n<\/header>\n<p><a href=\"http:\/\/zspdabrowka.pl\/spdabrowka\/author\/spdabrowka\/\" title=\"Wpisy, kt\u00f3rych autorem jest spdabrowka\" rel=\"author\">spdabrowka<\/a><time datetime=\"26 listopada 2019\">26 listopada 2019<\/time><\/p>\n<p>Uczniowie naszej szko\u0142y wzi\u0119li udzia\u0142 w konkursie plastycznym zorganizowanym przez&#8230;<\/p>\n<p><a href=\"http:\/\/zspdabrowka.pl\/spdabrowka\/2019\/11\/26\/laureatki-konkursu-plastycznego-pejzaz\/\">czytaj wi\u0119cej<\/a><br \/>\n<\/article>\n<article data-id=\"871\">\n            <a href=\"http:\/\/zspdabrowka.pl\/spdabrowka\/2019\/11\/26\/zlote-gody\/\"><\/a><br \/>\n<img src=\"http:\/\/zspdabrowka.pl\/spdabrowka\/wp-content\/uploads\/2019\/12\/IMG_5800-300x200.jpg\" alt=\"\"><\/p>\n<header>\n<h2><a href=\"http:\/\/zspdabrowka.pl\/spdabrowka\/2019\/11\/26\/zlote-gody\/\" title=\"Z\u0142ote Gody\">Z\u0142ote Gody<\/a><\/h2>\n<\/header>\n<p><a href=\"http:\/\/zspdabrowka.pl\/spdabrowka\/author\/spdabrowka\/\" title=\"Wpisy, kt\u00f3rych autorem jest spdabrowka\" rel=\"author\">spdabrowka<\/a><time datetime=\"26 listopada 2019\">26 listopada 2019<\/time><\/p>\n<p>We wtorek, 26 listopada 2019 r. w sali bankietowej \u201eAlbatros\u201d&#8230;<\/p>\n<p><a href=\"http:\/\/zspdabrowka.pl\/spdabrowka\/2019\/11\/26\/zlote-gody\/\">czytaj wi\u0119cej<\/a><br \/>\n<\/article>\n<article data-id=\"818\">\n            <a href=\"http:\/\/zspdabrowka.pl\/spdabrowka\/2019\/11\/13\/101-rocznica-odzyskania-niepodleglosci-przez-polske\/\"><\/a><br \/>\n<img src=\"http:\/\/zspdabrowka.pl\/spdabrowka\/wp-content\/uploads\/2019\/11\/DSCF0405-300x225.jpg\" alt=\"\"><\/p>\n<header>\n<h2><a href=\"http:\/\/zspdabrowka.pl\/spdabrowka\/2019\/11\/13\/101-rocznica-odzyskania-niepodleglosci-przez-polske\/\" title=\"101 Rocznica Odzyskania Niepodleg\u0142o\u015bci przez Polsk\u0119\">101 Rocznica Odzyskania Niepodleg\u0142o\u015bci przez Polsk\u0119<\/a><\/h2>\n<\/header>\n<p><a href=\"http:\/\/zspdabrowka.pl\/spdabrowka\/author\/spdabrowka\/\" title=\"Wpisy, kt\u00f3rych autorem jest spdabrowka\" rel=\"author\">spdabrowka<\/a><time datetime=\"13 listopada 2019\">13 listopada 2019<\/time><\/p>\n<p>W \u015brod\u0119 13 listopada spo\u0142eczno\u015b\u0107 naszej szko\u0142y uroczy\u015bcie obchodzi\u0142a 101&#8230;<\/p>\n<p><a href=\"http:\/\/zspdabrowka.pl\/spdabrowka\/2019\/11\/13\/101-rocznica-odzyskania-niepodleglosci-przez-polske\/\">czytaj wi\u0119cej<\/a><br \/>\n<\/article>\n<article data-id=\"808\">\n<header>\n<h2><a href=\"http:\/\/zspdabrowka.pl\/spdabrowka\/2019\/11\/08\/11-11\/\" title=\"11.11\">11.11<\/a><\/h2>\n<\/header>\n<p><a href=\"http:\/\/zspdabrowka.pl\/spdabrowka\/author\/spdabrowka\/\" title=\"Wpisy, kt\u00f3rych autorem jest spdabrowka\" rel=\"author\">spdabrowka<\/a><time datetime=\"8 listopada 2019\">8 listopada 2019<\/time><\/p>\n<p>W pi\u0105tek 8 listopada o godz.11.11. ca\u0142a spo\u0142eczno\u015b\u0107 szkolna od\u015bpiewa\u0142a&#8230;<\/p>\n<p><a href=\"http:\/\/zspdabrowka.pl\/spdabrowka\/2019\/11\/08\/11-11\/\">czytaj wi\u0119cej<\/a><br \/>\n<\/article>\n<article data-id=\"775\">\n            <a href=\"http:\/\/zspdabrowka.pl\/spdabrowka\/2019\/11\/04\/marsz-promujacy-trzezwosc\/\"><\/a><br \/>\n<img src=\"http:\/\/zspdabrowka.pl\/spdabrowka\/wp-content\/uploads\/2019\/11\/IMG20191028134449-300x169.jpg\" alt=\"\"><\/p>\n<header>\n<h2><a href=\"http:\/\/zspdabrowka.pl\/spdabrowka\/2019\/11\/04\/marsz-promujacy-trzezwosc\/\" title=\"Marsz promuj\u0105cy trze\u017awo\u015b\u0107\">Marsz promuj\u0105cy trze\u017awo\u015b\u0107<\/a><\/h2>\n<\/header>\n<p><a href=\"http:\/\/zspdabrowka.pl\/spdabrowka\/author\/spdabrowka\/\" title=\"Wpisy, kt\u00f3rych autorem jest spdabrowka\" rel=\"author\">spdabrowka<\/a><time datetime=\"4 listopada 2019\">4 listopada 2019<\/time><\/p>\n<p>W poniedzia\u0142ek w ramach XII kampanii spo\u0142ecznej ,, NO PROMIL&#8230;<\/p>\n<p><a href=\"http:\/\/zspdabrowka.pl\/spdabrowka\/2019\/11\/04\/marsz-promujacy-trzezwosc\/\">czytaj wi\u0119cej<\/a><br \/>\n<\/article>\n<article data-id=\"757\">\n            <a href=\"http:\/\/zspdabrowka.pl\/spdabrowka\/2019\/10\/31\/powiatowe-i-gminne-zawody-pilki-noznej-halowej-dziewczat\/\"><\/a><br \/>\n<img src=\"http:\/\/zspdabrowka.pl\/spdabrowka\/wp-content\/uploads\/2019\/11\/dyplom-300x212.jpg\" alt=\"\"><\/p>\n<header>\n<h2><a href=\"http:\/\/zspdabrowka.pl\/spdabrowka\/2019\/10\/31\/powiatowe-i-gminne-zawody-pilki-noznej-halowej-dziewczat\/\" title=\"Powiatowe i Gminne Zawody Pi\u0142ki No\u017cnej Halowej Dziewcz\u0105t\">Powiatowe i Gminne Zawody Pi\u0142ki No\u017cnej Halowej Dziewcz\u0105t<\/a><\/h2>\n<\/header>\n<p><a href=\"http:\/\/zspdabrowka.pl\/spdabrowka\/author\/spdabrowka\/\" title=\"Wpisy, kt\u00f3rych autorem jest spdabrowka\" rel=\"author\">spdabrowka<\/a><time datetime=\"31 pa\u017adziernika 2019\">31 pa\u017adziernika 2019<\/time><\/p>\n<p>25 pa\u017adziernika 2019 r. na Hali Sportowej w Rzezawie zosta\u0142y&#8230;<\/p>\n<p><a href=\"http:\/\/zspdabrowka.pl\/spdabrowka\/2019\/10\/31\/powiatowe-i-gminne-zawody-pilki-noznej-halowej-dziewczat\/\">czytaj wi\u0119cej<\/a><br \/>\n<\/article>\n<article data-id=\"701\">\n            <a href=\"http:\/\/zspdabrowka.pl\/spdabrowka\/2019\/10\/30\/swieto-dyni-pumpkin-day\/\"><\/a><br \/>\n<img src=\"http:\/\/zspdabrowka.pl\/spdabrowka\/wp-content\/uploads\/2019\/10\/DSC_4399-e1572461347422-169x300.jpg\" alt=\"\"><\/p>\n<header>\n<h2><a href=\"http:\/\/zspdabrowka.pl\/spdabrowka\/2019\/10\/30\/swieto-dyni-pumpkin-day\/\" title=\"\u201e\u015awi\u0119to Dyni\u201d- \u201ePumpkin Day\u201d\">\u201e\u015awi\u0119to Dyni\u201d- \u201ePumpkin Day\u201d<\/a><\/h2>\n<\/header>\n<p><a href=\"http:\/\/zspdabrowka.pl\/spdabrowka\/author\/spdabrowka\/\" title=\"Wpisy, kt\u00f3rych autorem jest spdabrowka\" rel=\"author\">spdabrowka<\/a><time datetime=\"30 pa\u017adziernika 2019\">30 pa\u017adziernika 2019<\/time><\/p>\n<p>Zgodnie z realizacj\u0105 planu dzia\u0142ania naszego Samorz\u0105du Uczniowskiego, 30 pa\u017adziernika&#8230;<\/p>\n<p><a href=\"http:\/\/zspdabrowka.pl\/spdabrowka\/2019\/10\/30\/swieto-dyni-pumpkin-day\/\">czytaj wi\u0119cej<\/a><br \/>\n<\/article>\n<article data-id=\"782\">\n            <a href=\"http:\/\/zspdabrowka.pl\/spdabrowka\/2019\/10\/30\/no-promil-no-problem-szkolenie-przedstawicieli-su\/\"><\/a><br \/>\n<img src=\"http:\/\/zspdabrowka.pl\/spdabrowka\/wp-content\/uploads\/2019\/11\/IMG20191030092354-300x169.jpg\" alt=\"\"><\/p>\n<header>\n<h2><a href=\"http:\/\/zspdabrowka.pl\/spdabrowka\/2019\/10\/30\/no-promil-no-problem-szkolenie-przedstawicieli-su\/\" title=\"NO PROMIL \u2013 NO PROBLEM \u2013 szkolenie przedstawicieli SU\">NO PROMIL \u2013 NO PROBLEM \u2013 szkolenie przedstawicieli SU<\/a><\/h2>\n<\/header>\n<p><a href=\"http:\/\/zspdabrowka.pl\/spdabrowka\/author\/spdabrowka\/\" title=\"Wpisy, kt\u00f3rych autorem jest spdabrowka\" rel=\"author\">spdabrowka<\/a><time datetime=\"30 pa\u017adziernika 2019\">30 pa\u017adziernika 2019<\/time><\/p>\n<p>30 pa\u017adziernika w Szkole Podstawowej w Rzezawie odby\u0142o si\u0119 szkolenie&#8230;<\/p>\n<p><a href=\"http:\/\/zspdabrowka.pl\/spdabrowka\/2019\/10\/30\/no-promil-no-problem-szkolenie-przedstawicieli-su\/\">czytaj wi\u0119cej<\/a><br \/>\n<\/article>\n<article data-id=\"768\">\n            <a href=\"http:\/\/zspdabrowka.pl\/spdabrowka\/2019\/10\/28\/kampania-spoleczna-no-promil-no-problem\/\"><\/a><br \/>\n<img src=\"http:\/\/zspdabrowka.pl\/spdabrowka\/wp-content\/uploads\/2019\/11\/IMG20191028111018-300x169.jpg\" alt=\"\"><\/p>\n<header>\n<h2><a href=\"http:\/\/zspdabrowka.pl\/spdabrowka\/2019\/10\/28\/kampania-spoleczna-no-promil-no-problem\/\" title=\"Kampania spo\u0142eczna \u2013 \u201e NO PROMIL \u2013 NO PROBLEM\u201d\">Kampania spo\u0142eczna \u2013 \u201e NO PROMIL \u2013 NO PROBLEM\u201d<\/a><\/h2>\n<\/header>\n<p><a href=\"http:\/\/zspdabrowka.pl\/spdabrowka\/author\/spdabrowka\/\" title=\"Wpisy, kt\u00f3rych autorem jest spdabrowka\" rel=\"author\">spdabrowka<\/a><time datetime=\"28 pa\u017adziernika 2019\">28 pa\u017adziernika 2019<\/time><\/p>\n<p>28 pa\u017adziernika 2019r. w ramach XII kampanii spo\u0142ecznej ,, NO&#8230;<\/p>\n<p><a href=\"http:\/\/zspdabrowka.pl\/spdabrowka\/2019\/10\/28\/kampania-spoleczna-no-promil-no-problem\/\">czytaj wi\u0119cej<\/a><br \/>\n<\/article>\n<article data-id=\"684\">\n            <a href=\"http:\/\/zspdabrowka.pl\/spdabrowka\/2019\/10\/23\/zawody-powiatowe-w-koszykowce-3-x-3-dziewczat\/\"><\/a><br \/>\n<img src=\"http:\/\/zspdabrowka.pl\/spdabrowka\/wp-content\/uploads\/2019\/10\/1-300x169.jpg\" alt=\"\"><\/p>\n<header>\n<h2><a href=\"http:\/\/zspdabrowka.pl\/spdabrowka\/2019\/10\/23\/zawody-powiatowe-w-koszykowce-3-x-3-dziewczat\/\" title=\"Zawody Powiatowe w Koszyk\u00f3wce 3 x 3 Dziewcz\u0105t\">Zawody Powiatowe w Koszyk\u00f3wce 3 x 3 Dziewcz\u0105t<\/a><\/h2>\n<\/header>\n<p><a href=\"http:\/\/zspdabrowka.pl\/spdabrowka\/author\/spdabrowka\/\" title=\"Wpisy, kt\u00f3rych autorem jest spdabrowka\" rel=\"author\">spdabrowka<\/a><time datetime=\"23 pa\u017adziernika 2019\">23 pa\u017adziernika 2019<\/time><\/p>\n<p>22 pa\u017adziernika 2019r. w Hali Widowiskowo-Sportowej w&nbsp;Bochni rozegrane zosta\u0142y Zawody&#8230;<\/p>\n<p><a href=\"http:\/\/zspdabrowka.pl\/spdabrowka\/2019\/10\/23\/zawody-powiatowe-w-koszykowce-3-x-3-dziewczat\/\">czytaj wi\u0119cej<\/a><br \/>\n<\/article>\n<article data-id=\"666\">\n            <a href=\"http:\/\/zspdabrowka.pl\/spdabrowka\/2019\/10\/22\/bicie-rekordu-w-jednoczesnym-prowadzeniu-resuscytacji-krazeniowo-oddechowej\/\"><\/a><br \/>\n<img src=\"http:\/\/zspdabrowka.pl\/spdabrowka\/wp-content\/uploads\/2019\/10\/IMG20191016120031-300x169.jpg\" alt=\"\"><\/p>\n<header>\n<h2><a href=\"http:\/\/zspdabrowka.pl\/spdabrowka\/2019\/10\/22\/bicie-rekordu-w-jednoczesnym-prowadzeniu-resuscytacji-krazeniowo-oddechowej\/\" title=\"Bicie rekordu w jednoczesnym prowadzeniu resuscytacji kr\u0105\u017ceniowo-oddechowej\">Bicie rekordu w jednoczesnym prowadzeniu resuscytacji kr\u0105\u017ceniowo-oddechowej<\/a><\/h2>\n<\/header>\n<p><a href=\"http:\/\/zspdabrowka.pl\/spdabrowka\/author\/spdabrowka\/\" title=\"Wpisy, kt\u00f3rych autorem jest spdabrowka\" rel=\"author\">spdabrowka<\/a><time datetime=\"22 pa\u017adziernika 2019\">22 pa\u017adziernika 2019<\/time><\/p>\n<p>16.10.2019 roku nasza szko\u0142a wzi\u0119\u0142a udzia\u0142 w kolejnej edycji bicia&#8230;<\/p>\n<p><a href=\"http:\/\/zspdabrowka.pl\/spdabrowka\/2019\/10\/22\/bicie-rekordu-w-jednoczesnym-prowadzeniu-resuscytacji-krazeniowo-oddechowej\/\">czytaj wi\u0119cej<\/a><br \/>\n<\/article>\n<article data-id=\"764\">\n            <a href=\"http:\/\/zspdabrowka.pl\/spdabrowka\/2019\/10\/21\/odblaskowa-szkola\/\"><\/a><br \/>\n<img src=\"http:\/\/zspdabrowka.pl\/spdabrowka\/wp-content\/uploads\/2019\/11\/odblska-300x112.jpg\" alt=\"\"><\/p>\n<header>\n<h2><a href=\"http:\/\/zspdabrowka.pl\/spdabrowka\/2019\/10\/21\/odblaskowa-szkola\/\" title=\"Odblaskowa Szko\u0142a\">Odblaskowa Szko\u0142a<\/a><\/h2>\n<\/header>\n<p><a href=\"http:\/\/zspdabrowka.pl\/spdabrowka\/author\/spdabrowka\/\" title=\"Wpisy, kt\u00f3rych autorem jest spdabrowka\" rel=\"author\">spdabrowka<\/a><time datetime=\"21 pa\u017adziernika 2019\">21 pa\u017adziernika 2019<\/time><\/p>\n<p>W roku szkolnym 2019\/2020 nasza szko\u0142a bra\u0142a udzia\u0142 w Ma\u0142opolskim&#8230;<\/p>\n<p><a href=\"http:\/\/zspdabrowka.pl\/spdabrowka\/2019\/10\/21\/odblaskowa-szkola\/\">czytaj wi\u0119cej<\/a><br \/>\n<\/article>\n<article data-id=\"742\">\n            <a href=\"http:\/\/zspdabrowka.pl\/spdabrowka\/2019\/10\/15\/slubowanie-klasy-pierwszej\/\"><\/a><br \/>\n<img src=\"http:\/\/zspdabrowka.pl\/spdabrowka\/wp-content\/uploads\/2019\/11\/DSCF0278-300x225.jpg\" alt=\"\"><\/p>\n<header>\n<h2><a href=\"http:\/\/zspdabrowka.pl\/spdabrowka\/2019\/10\/15\/slubowanie-klasy-pierwszej\/\" title=\"\u015alubowanie klasy pierwszej\">\u015alubowanie klasy pierwszej<\/a><\/h2>\n<\/header>\n<p><a href=\"http:\/\/zspdabrowka.pl\/spdabrowka\/author\/spdabrowka\/\" title=\"Wpisy, kt\u00f3rych autorem jest spdabrowka\" rel=\"author\">spdabrowka<\/a><time datetime=\"15 pa\u017adziernika 2019\">15 pa\u017adziernika 2019<\/time><\/p>\n<p>W uroczystej atmosferze, przed pocztem sztandarowym, pierwszoklasi\u015bci \u015blubowali by\u0107 dobrymi&#8230;<\/p>\n<p><a href=\"http:\/\/zspdabrowka.pl\/spdabrowka\/2019\/10\/15\/slubowanie-klasy-pierwszej\/\">czytaj wi\u0119cej<\/a><br \/>\n<\/article>\n<article data-id=\"658\">\n<header>\n<h2><a href=\"http:\/\/zspdabrowka.pl\/spdabrowka\/2019\/09\/09\/narodowe-czytanie-2019\/\" title=\"NARODOWE CZYTANIE 2019\">NARODOWE CZYTANIE 2019<\/a><\/h2>\n<\/header>\n<p><a href=\"http:\/\/zspdabrowka.pl\/spdabrowka\/author\/spdabrowka\/\" title=\"Wpisy, kt\u00f3rych autorem jest spdabrowka\" rel=\"author\">spdabrowka<\/a><time datetime=\"9 wrze\u015bnia 2019\">9 wrze\u015bnia 2019<\/time><\/p>\n<p>7 wrze\u015bnia 2019r.odby\u0142a si\u0119 \u00f3sma edycja Narodowego Czytania. W naszej&#8230;<\/p>\n<p><a href=\"http:\/\/zspdabrowka.pl\/spdabrowka\/2019\/09\/09\/narodowe-czytanie-2019\/\">czytaj wi\u0119cej<\/a><br \/>\n<\/article>\n<article data-id=\"629\">\n<header>\n<h2><a href=\"http:\/\/zspdabrowka.pl\/spdabrowka\/2019\/09\/03\/spinka\/\" title=\"SPInKa\">SPInKa<\/a><\/h2>\n<\/header>\n<p><a href=\"http:\/\/zspdabrowka.pl\/spdabrowka\/author\/spdabrowka\/\" title=\"Wpisy, kt\u00f3rych autorem jest spdabrowka\" rel=\"author\">spdabrowka<\/a><time datetime=\"3 wrze\u015bnia 2019\">3 wrze\u015bnia 2019<\/time><\/p>\n<p>W naszej szkole kontynuowana b\u0119dzie realizacja projektu \u201eModernizacja kszta\u0142cenia zawodowego&#8230;<\/p>\n<p><a href=\"http:\/\/zspdabrowka.pl\/spdabrowka\/2019\/09\/03\/spinka\/\">czytaj wi\u0119cej<\/a><br \/>\n<\/article>\n<article data-id=\"622\">\n<header>\n<h2><a href=\"http:\/\/zspdabrowka.pl\/spdabrowka\/2019\/09\/02\/uroczyste-rozpoczecie-roku-szkolnego-2019-2020\/\" title=\"Uroczyste rozpocz\u0119cie roku szkolnego 2019\/2020\">Uroczyste rozpocz\u0119cie roku szkolnego 2019\/2020<\/a><\/h2>\n<\/header>\n<p><a href=\"http:\/\/zspdabrowka.pl\/spdabrowka\/author\/spdabrowka\/\" title=\"Wpisy, kt\u00f3rych autorem jest spdabrowka\" rel=\"author\">spdabrowka<\/a><time datetime=\"2 wrze\u015bnia 2019\">2 wrze\u015bnia 2019<\/time><\/p>\n<p>W poniedzia\u0142ek 2 wrze\u015bnia powitali\u015bmy nowy rok szkolny 2019\/2020. W&#8230;<\/p>\n<p><a href=\"http:\/\/zspdabrowka.pl\/spdabrowka\/2019\/09\/02\/uroczyste-rozpoczecie-roku-szkolnego-2019-2020\/\">czytaj wi\u0119cej<\/a><br \/>\n<\/article>\n<article data-id=\"583\">\n<header>\n<h2><a href=\"http:\/\/zspdabrowka.pl\/spdabrowka\/2019\/08\/25\/inauguracja-roku-szkolnego-2019-2020\/\" title=\"Inauguracja Roku Szkolnego 2019\/2020\">Inauguracja Roku Szkolnego 2019\/2020<\/a><\/h2>\n<\/header>\n<p><a href=\"http:\/\/zspdabrowka.pl\/spdabrowka\/author\/spdabrowka\/\" title=\"Wpisy, kt\u00f3rych autorem jest spdabrowka\" rel=\"author\">spdabrowka<\/a><time datetime=\"25 sierpnia 2019\">25 sierpnia 2019<\/time><\/p>\n<p><a href=\"http:\/\/zspdabrowka.pl\/spdabrowka\/2019\/08\/25\/inauguracja-roku-szkolnego-2019-2020\/\">czytaj wi\u0119cej<\/a><br \/>\n<\/article>\n<article data-id=\"586\">\n<header>\n<h2><a href=\"http:\/\/zspdabrowka.pl\/spdabrowka\/2019\/06\/28\/zakonczenie-roku-szkolnego2018-2019-i-pozegnanie-absolwentow\/\" title=\"Zako\u0144czenie roku szkolnego2018\/2019 i po\u017cegnanie absolwent\u00f3w\">Zako\u0144czenie roku szkolnego2018\/2019 i po\u017cegnanie absolwent\u00f3w<\/a><\/h2>\n<\/header>\n<p><a href=\"http:\/\/zspdabrowka.pl\/spdabrowka\/author\/spdabrowka\/\" title=\"Wpisy, kt\u00f3rych autorem jest spdabrowka\" rel=\"author\">spdabrowka<\/a><time datetime=\"28 czerwca 2019\">28 czerwca 2019<\/time><\/p>\n<p>Uroczyste zako\u0144czenie roku szkolnego rozpocz\u0119\u0142a Msza \u015bw. w kaplicy w&#8230;<\/p>\n<p><a href=\"http:\/\/zspdabrowka.pl\/spdabrowka\/2019\/06\/28\/zakonczenie-roku-szkolnego2018-2019-i-pozegnanie-absolwentow\/\">czytaj wi\u0119cej<\/a><br \/>\n<\/article>\n<article data-id=\"588\">\n            <a href=\"http:\/\/zspdabrowka.pl\/spdabrowka\/2019\/04\/10\/dzien-ksiazki-dla-dzieci\/\"><\/a><br \/>\n<img src=\"http:\/\/zspdabrowka.pl\/spdabrowka\/wp-content\/uploads\/2019\/09\/20190401_130025-300x169.jpg\" alt=\"\"><\/p>\n<header>\n<h2><a href=\"http:\/\/zspdabrowka.pl\/spdabrowka\/2019\/04\/10\/dzien-ksiazki-dla-dzieci\/\" title=\"Dzie\u0144 Ksi\u0105\u017cki dla Dzieci\">Dzie\u0144 Ksi\u0105\u017cki dla Dzieci<\/a><\/h2>\n<\/header>\n<p><a href=\"http:\/\/zspdabrowka.pl\/spdabrowka\/author\/spdabrowka\/\" title=\"Wpisy, kt\u00f3rych autorem jest spdabrowka\" rel=\"author\">spdabrowka<\/a><time datetime=\"10 kwietnia 2019\">10 kwietnia 2019<\/time><\/p>\n<p>Z okazji Dnia Ksi\u0105\u017cki dla Dzieci, kt\u00f3ry wypada 2 kwietnia,&#8230;<\/p>\n<p><a href=\"http:\/\/zspdabrowka.pl\/spdabrowka\/2019\/04\/10\/dzien-ksiazki-dla-dzieci\/\">czytaj wi\u0119cej<\/a><br \/>\n<\/article>\n<article data-id=\"594\">\n            <a href=\"http:\/\/zspdabrowka.pl\/spdabrowka\/2019\/04\/05\/konkurs-sudoku\/\"><\/a><br \/>\n<img src=\"http:\/\/zspdabrowka.pl\/spdabrowka\/wp-content\/uploads\/2019\/09\/mistrzynie-sudoku-224x300.jpg\" alt=\"\"><\/p>\n<header>\n<h2><a href=\"http:\/\/zspdabrowka.pl\/spdabrowka\/2019\/04\/05\/konkurs-sudoku\/\" title=\"Konkurs SUDOKU\">Konkurs SUDOKU<\/a><\/h2>\n<\/header>\n<p><a href=\"http:\/\/zspdabrowka.pl\/spdabrowka\/author\/spdabrowka\/\" title=\"Wpisy, kt\u00f3rych autorem jest spdabrowka\" rel=\"author\">spdabrowka<\/a><time datetime=\"5 kwietnia 2019\">5 kwietnia 2019<\/time><\/p>\n<p>Wyt\u0119\u017c Umys\u0142 i Rusz G\u0142ow\u0105 \u2013 Rozwi\u0105\u017c \u0141amig\u0142\u00f3wk\u0119 Sudokow\u0105 !!!&nbsp;&#8230;<\/p>\n<p><a href=\"http:\/\/zspdabrowka.pl\/spdabrowka\/2019\/04\/05\/konkurs-sudoku\/\">czytaj wi\u0119cej<\/a><br \/>\n<\/article>\n<article data-id=\"533\">\n<header>\n<h2><a href=\"http:\/\/zspdabrowka.pl\/spdabrowka\/2019\/04\/03\/turniej-brd\/\" title=\"XLII Og\u00f3lnopolski Turniej Bezpiecze\u0144stwa w Ruchu Drogowym\">XLII Og\u00f3lnopolski Turniej Bezpiecze\u0144stwa w Ruchu Drogowym<\/a><\/h2>\n<\/header>\n<p><a href=\"http:\/\/zspdabrowka.pl\/spdabrowka\/author\/spdabrowka\/\" title=\"Wpisy, kt\u00f3rych autorem jest spdabrowka\" rel=\"author\">spdabrowka<\/a><time datetime=\"3 kwietnia 2019\">3 kwietnia 2019<\/time><\/p>\n<p>3 kwietnia 2019 r. reprezentacje zg\u0142oszonych szk\u00f3\u0142 podstawowych i gimnazj\u00f3w&#8230;<\/p>\n<p><a href=\"http:\/\/zspdabrowka.pl\/spdabrowka\/2019\/04\/03\/turniej-brd\/\">czytaj wi\u0119cej<\/a><br \/>\n<\/article>\n<article data-id=\"511\">\n            <a href=\"http:\/\/zspdabrowka.pl\/spdabrowka\/2019\/02\/25\/zapisy-do-klasy-pierwszej-na-rok-szkolny-2019-2020\/\"><\/a><br \/>\n<img src=\"http:\/\/zspdabrowka.pl\/spdabrowka\/wp-content\/uploads\/2019\/02\/rekrutacyjnie-300x207.png\" alt=\"\"><\/p>\n<header>\n<h2><a href=\"http:\/\/zspdabrowka.pl\/spdabrowka\/2019\/02\/25\/zapisy-do-klasy-pierwszej-na-rok-szkolny-2019-2020\/\" title=\"Zapisy do klasy pierwszej na rok szkolny 2019\/2020\">Zapisy do klasy pierwszej na rok szkolny 2019\/2020<\/a><\/h2>\n<\/header>\n<p><a href=\"http:\/\/zspdabrowka.pl\/spdabrowka\/author\/spdabrowka\/\" title=\"Wpisy, kt\u00f3rych autorem jest spdabrowka\" rel=\"author\">spdabrowka<\/a><time datetime=\"25 lutego 2019\">25 lutego 2019<\/time><\/p>\n<p>Szanowni Rodzice! Dyrektor Publicznej Szko\u0142y Podstawowej w D\u0105br\u00f3wce przekazuje informacje&#8230;<\/p>\n<p><a href=\"http:\/\/zspdabrowka.pl\/spdabrowka\/2019\/02\/25\/zapisy-do-klasy-pierwszej-na-rok-szkolny-2019-2020\/\">czytaj wi\u0119cej<\/a><br \/>\n<\/article>\n<article data-id=\"499\">\n            <a href=\"http:\/\/zspdabrowka.pl\/spdabrowka\/2019\/02\/10\/rekrutacja-do-szkol-ponadgimnazjalnych-i-ponadpodstawowych\/\"><\/a><br \/>\n<img src=\"http:\/\/zspdabrowka.pl\/spdabrowka\/wp-content\/uploads\/2019\/02\/plakat_rekrutacja_a4-min-212x300.jpg\" alt=\"\"><\/p>\n<header>\n<h2><a href=\"http:\/\/zspdabrowka.pl\/spdabrowka\/2019\/02\/10\/rekrutacja-do-szkol-ponadgimnazjalnych-i-ponadpodstawowych\/\" title=\"REKRUTACJA DO SZK\u00d3\u0141 PONADGIMNAZJALNYCH I PONADPODSTAWOWYCH\">REKRUTACJA DO SZK\u00d3\u0141 PONADGIMNAZJALNYCH I PONADPODSTAWOWYCH<\/a><\/h2>\n<\/header>\n<p><a href=\"http:\/\/zspdabrowka.pl\/spdabrowka\/author\/spdabrowka\/\" title=\"Wpisy, kt\u00f3rych autorem jest spdabrowka\" rel=\"author\">spdabrowka<\/a><time datetime=\"10 lutego 2019\">10 lutego 2019<\/time><\/p>\n<p><a href=\"http:\/\/zspdabrowka.pl\/spdabrowka\/2019\/02\/10\/rekrutacja-do-szkol-ponadgimnazjalnych-i-ponadpodstawowych\/\">czytaj wi\u0119cej<\/a><br \/>\n<\/article>\n<article data-id=\"365\">\n            <a href=\"http:\/\/zspdabrowka.pl\/spdabrowka\/2019\/01\/06\/3-stycznia-2019-roku-ruszyla-rekrutacja-klasy-8-do-projektu-spinka\/\"><\/a><br \/>\n<img src=\"http:\/\/zspdabrowka.pl\/spdabrowka\/wp-content\/uploads\/2019\/01\/Bez-tytu\u0142u-300x47.jpg\" alt=\"\"><\/p>\n<header>\n<h2><a href=\"http:\/\/zspdabrowka.pl\/spdabrowka\/2019\/01\/06\/3-stycznia-2019-roku-ruszyla-rekrutacja-klasy-8-do-projektu-spinka\/\" title=\"3 stycznia 2019 roku ruszy\u0142a rekrutacja klasy 8 do projektu SPInKa\">3 stycznia 2019 roku ruszy\u0142a rekrutacja klasy 8 do projektu SPInKa<\/a><\/h2>\n<\/header>\n<p><a href=\"http:\/\/zspdabrowka.pl\/spdabrowka\/author\/spdabrowka\/\" title=\"Wpisy, kt\u00f3rych autorem jest spdabrowka\" rel=\"author\">spdabrowka<\/a><time datetime=\"6 stycznia 2019\">6 stycznia 2019<\/time><\/p>\n<p>&nbsp; Szkolny Punkt Informacji i Kariery \u2013 SPInKa MODERNIZACJA KSZTA\u0141CENIA&#8230;<\/p>\n<p><a href=\"http:\/\/zspdabrowka.pl\/spdabrowka\/2019\/01\/06\/3-stycznia-2019-roku-ruszyla-rekrutacja-klasy-8-do-projektu-spinka\/\">czytaj wi\u0119cej<\/a><br \/>\n<\/article>\n<article data-id=\"177\">\n<header>\n<h2><a href=\"http:\/\/zspdabrowka.pl\/spdabrowka\/2018\/11\/26\/maraton-czytelniczy-2018\/\" title=\"Maraton czytelniczy 2018\">Maraton czytelniczy 2018<\/a><\/h2>\n<\/header>\n<p><a href=\"http:\/\/zspdabrowka.pl\/spdabrowka\/author\/spdabrowka\/\" title=\"Wpisy, kt\u00f3rych autorem jest spdabrowka\" rel=\"author\">spdabrowka<\/a><time datetime=\"26 listopada 2018\">26 listopada 2018<\/time><\/p>\n<p>Maraton czytelniczy 2018 W ramach kampanii Ca\u0142a Polska Czyta Dzieciom&#8230;<\/p>\n<p><a href=\"http:\/\/zspdabrowka.pl\/spdabrowka\/2018\/11\/26\/maraton-czytelniczy-2018\/\">czytaj wi\u0119cej<\/a><br \/>\n<\/article>\n<article data-id=\"183\">\n            <a href=\"http:\/\/zspdabrowka.pl\/spdabrowka\/2018\/11\/24\/wycieczka-do-panstwowej-strazy-pozarnej-w-bochni\/\"><\/a><br \/>\n<img src=\"http:\/\/zspdabrowka.pl\/spdabrowka\/wp-content\/uploads\/2018\/11\/IMG20181123102943-min-300x169.jpg\" alt=\"\"><\/p>\n<header>\n<h2><a href=\"http:\/\/zspdabrowka.pl\/spdabrowka\/2018\/11\/24\/wycieczka-do-panstwowej-strazy-pozarnej-w-bochni\/\" title=\"Wycieczka do Pa\u0144stwowej Stra\u017cy Po\u017carnej w Bochni\">Wycieczka do Pa\u0144stwowej Stra\u017cy Po\u017carnej w Bochni<\/a><\/h2>\n<\/header>\n<p><a href=\"http:\/\/zspdabrowka.pl\/spdabrowka\/author\/spdabrowka\/\" title=\"Wpisy, kt\u00f3rych autorem jest spdabrowka\" rel=\"author\">spdabrowka<\/a><time datetime=\"24 listopada 2018\">24 listopada 2018<\/time><\/p>\n<p>23 listopada 2018 r.&nbsp; uczniowie klasy \u00f3smej i trzeciej gimnazjalnej&#8230;<\/p>\n<p><a href=\"http:\/\/zspdabrowka.pl\/spdabrowka\/2018\/11\/24\/wycieczka-do-panstwowej-strazy-pozarnej-w-bochni\/\">czytaj wi\u0119cej<\/a><br \/>\n<\/article>\n<article data-id=\"375\">\n            <a href=\"http:\/\/zspdabrowka.pl\/spdabrowka\/2018\/11\/14\/100-rocznica-odzyskania-niepodleglosci-przez-polske\/\"><\/a><br \/>\n<img src=\"http:\/\/zspdabrowka.pl\/spdabrowka\/wp-content\/uploads\/2018\/12\/DSCF9502-min-300x225.jpg\" alt=\"\"><\/p>\n<header>\n<h2><a href=\"http:\/\/zspdabrowka.pl\/spdabrowka\/2018\/11\/14\/100-rocznica-odzyskania-niepodleglosci-przez-polske\/\" title=\"100 rocznica Odzyskania Niepodleg\u0142o\u015bci przez Polsk\u0119\">100 rocznica Odzyskania Niepodleg\u0142o\u015bci przez Polsk\u0119<\/a><\/h2>\n<\/header>\n<p><a href=\"http:\/\/zspdabrowka.pl\/spdabrowka\/author\/spdabrowka\/\" title=\"Wpisy, kt\u00f3rych autorem jest spdabrowka\" rel=\"author\">spdabrowka<\/a><time datetime=\"14 listopada 2018\">14 listopada 2018<\/time><\/p>\n<p>Dnia 13 listopada odby\u0142a si\u0119 uroczysta akademia z okazji 100&#8230;<\/p>\n<p><a href=\"http:\/\/zspdabrowka.pl\/spdabrowka\/2018\/11\/14\/100-rocznica-odzyskania-niepodleglosci-przez-polske\/\">czytaj wi\u0119cej<\/a><br \/>\n<\/article>\n<article data-id=\"181\">\n<header>\n<h2><a href=\"http:\/\/zspdabrowka.pl\/spdabrowka\/2018\/11\/09\/wyjazd-do-teatru-bagatela-w-krakowie\/\" title=\"Wyjazd do Teatru Bagatela w Krakowie\">Wyjazd do Teatru Bagatela w Krakowie<\/a><\/h2>\n<\/header>\n<p><a href=\"http:\/\/zspdabrowka.pl\/spdabrowka\/author\/spdabrowka\/\" title=\"Wpisy, kt\u00f3rych autorem jest spdabrowka\" rel=\"author\">spdabrowka<\/a><time datetime=\"9 listopada 2018\">9 listopada 2018<\/time><\/p>\n<p>\u201eA teatr jest po to, \u017ceby wszystko by\u0142o inne ni\u017c&#8230;<\/p>\n<p><a href=\"http:\/\/zspdabrowka.pl\/spdabrowka\/2018\/11\/09\/wyjazd-do-teatru-bagatela-w-krakowie\/\">czytaj wi\u0119cej<\/a><br \/>\n<\/article>\n<article data-id=\"379\">\n            <a href=\"http:\/\/zspdabrowka.pl\/spdabrowka\/2018\/11\/09\/gminny-konkurs-plastyczny-polska-moja-ojczyzna\/\"><\/a><br \/>\n<img src=\"http:\/\/zspdabrowka.pl\/spdabrowka\/wp-content\/uploads\/2018\/12\/929acfd0-8604-4748-a44c-75d35f461672-min-300x225.jpg\" alt=\"\"><\/p>\n<header>\n<h2><a href=\"http:\/\/zspdabrowka.pl\/spdabrowka\/2018\/11\/09\/gminny-konkurs-plastyczny-polska-moja-ojczyzna\/\" title=\"Gminny Konkurs Plastyczny \u201ePolska moja Ojczyzna\u201d\">Gminny Konkurs Plastyczny \u201ePolska moja Ojczyzna\u201d<\/a><\/h2>\n<\/header>\n<p><a href=\"http:\/\/zspdabrowka.pl\/spdabrowka\/author\/spdabrowka\/\" title=\"Wpisy, kt\u00f3rych autorem jest spdabrowka\" rel=\"author\">spdabrowka<\/a><time datetime=\"9 listopada 2018\">9 listopada 2018<\/time><\/p>\n<p>Tegoroczny Gminny Konkurs Plastyczny&nbsp; organizowany corocznie przez Publiczn\u0105 Szko\u0142\u0119 Podstawow\u0105&#8230;<\/p>\n<p><a href=\"http:\/\/zspdabrowka.pl\/spdabrowka\/2018\/11\/09\/gminny-konkurs-plastyczny-polska-moja-ojczyzna\/\">czytaj wi\u0119cej<\/a><br \/>\n<\/article>\n<article data-id=\"179\">\n<header>\n<h2><a href=\"http:\/\/zspdabrowka.pl\/spdabrowka\/2018\/10\/30\/vi-dyktando-niepodleglosciowe\/\" title=\"VI Dyktando Niepodleg\u0142o\u015bciowe\">VI Dyktando Niepodleg\u0142o\u015bciowe<\/a><\/h2>\n<\/header>\n<p><a href=\"http:\/\/zspdabrowka.pl\/spdabrowka\/author\/spdabrowka\/\" title=\"Wpisy, kt\u00f3rych autorem jest spdabrowka\" rel=\"author\">spdabrowka<\/a><time datetime=\"30 pa\u017adziernika 2018\">30 pa\u017adziernika 2018<\/time><\/p>\n<p>VI Dyktando Niepodleg\u0142o\u015bciowe Tradycyjnie przed kolejn\u0105 rocznic\u0105 odzyskania niepodleg\u0142o\u015bci przez&#8230;<\/p>\n<p><a href=\"http:\/\/zspdabrowka.pl\/spdabrowka\/2018\/10\/30\/vi-dyktando-niepodleglosciowe\/\">czytaj wi\u0119cej<\/a><br \/>\n<\/article>\n<article data-id=\"389\">\n            <a href=\"http:\/\/zspdabrowka.pl\/spdabrowka\/2018\/10\/27\/slubowanie-uczniow-i-klasy\/\"><\/a><br \/>\n<img src=\"http:\/\/zspdabrowka.pl\/spdabrowka\/wp-content\/uploads\/2018\/12\/1014926-min-300x225.jpg\" alt=\"\"><\/p>\n<header>\n<h2><a href=\"http:\/\/zspdabrowka.pl\/spdabrowka\/2018\/10\/27\/slubowanie-uczniow-i-klasy\/\" title=\"\u015alubowanie uczni\u00f3w I klasy\">\u015alubowanie uczni\u00f3w I klasy<\/a><\/h2>\n<\/header>\n<p><a href=\"http:\/\/zspdabrowka.pl\/spdabrowka\/author\/spdabrowka\/\" title=\"Wpisy, kt\u00f3rych autorem jest spdabrowka\" rel=\"author\">spdabrowka<\/a><time datetime=\"27 pa\u017adziernika 2018\">27 pa\u017adziernika 2018<\/time><\/p>\n<p>Pierwszoklasi\u015bci ze Szko\u0142y Podstawowej w D\u0105br\u00f3wce s\u0105 ju\u017c pe\u0142noprawnymi uczniami&#8230;.<\/p>\n<p><a href=\"http:\/\/zspdabrowka.pl\/spdabrowka\/2018\/10\/27\/slubowanie-uczniow-i-klasy\/\">czytaj wi\u0119cej<\/a><br \/>\n<\/article>\n<article data-id=\"194\">\n            <a href=\"http:\/\/zspdabrowka.pl\/spdabrowka\/2018\/10\/23\/spotkanie-z-mysliwymi-z-kola-lowieckiego-basior\/\"><\/a><br \/>\n<img src=\"http:\/\/zspdabrowka.pl\/spdabrowka\/wp-content\/uploads\/2018\/11\/bd54dd4c-435c-4218-ba39-32acbbb57a44-min-300x225.jpg\" alt=\"\"><\/p>\n<header>\n<h2><a href=\"http:\/\/zspdabrowka.pl\/spdabrowka\/2018\/10\/23\/spotkanie-z-mysliwymi-z-kola-lowieckiego-basior\/\" title=\"Spotkanie z my\u015bliwymi z Ko\u0142a \u0141owieckiego \u201eBasior\u201d\">Spotkanie z my\u015bliwymi z Ko\u0142a \u0141owieckiego \u201eBasior\u201d<\/a><\/h2>\n<\/header>\n<p><a href=\"http:\/\/zspdabrowka.pl\/spdabrowka\/author\/spdabrowka\/\" title=\"Wpisy, kt\u00f3rych autorem jest spdabrowka\" rel=\"author\">spdabrowka<\/a><time datetime=\"23 pa\u017adziernika 2018\">23 pa\u017adziernika 2018<\/time><\/p>\n<p>22 pa\u017adziernika uczniowie klas VI I VII wzi\u0119li udzia\u0142 w&#8230;<\/p>\n<p><a href=\"http:\/\/zspdabrowka.pl\/spdabrowka\/2018\/10\/23\/spotkanie-z-mysliwymi-z-kola-lowieckiego-basior\/\">czytaj wi\u0119cej<\/a><br \/>\n<\/article>\n<article data-id=\"391\">\n            <a href=\"http:\/\/zspdabrowka.pl\/spdabrowka\/2018\/10\/20\/ogolnopolski-dzien-glosnego-czytania\/\"><\/a><br \/>\n<img src=\"http:\/\/zspdabrowka.pl\/spdabrowka\/wp-content\/uploads\/2018\/12\/DSCF9367-min-300x225.jpg\" alt=\"\"><\/p>\n<header>\n<h2><a href=\"http:\/\/zspdabrowka.pl\/spdabrowka\/2018\/10\/20\/ogolnopolski-dzien-glosnego-czytania\/\" title=\"Og\u00f3lnopolski Dzie\u0144 G\u0142o\u015bnego Czytania\">Og\u00f3lnopolski Dzie\u0144 G\u0142o\u015bnego Czytania<\/a><\/h2>\n<\/header>\n<p><a href=\"http:\/\/zspdabrowka.pl\/spdabrowka\/author\/spdabrowka\/\" title=\"Wpisy, kt\u00f3rych autorem jest spdabrowka\" rel=\"author\">spdabrowka<\/a><time datetime=\"20 pa\u017adziernika 2018\">20 pa\u017adziernika 2018<\/time><\/p>\n<p>Dnia 18 pa\u017adziernika klasy 1-3 zorganizowa\u0142y&nbsp; Og\u00f3lnopolski Dzie\u0144 G\u0142o\u015bnego Czytania&#8230;.<\/p>\n<p><a href=\"http:\/\/zspdabrowka.pl\/spdabrowka\/2018\/10\/20\/ogolnopolski-dzien-glosnego-czytania\/\">czytaj wi\u0119cej<\/a><br \/>\n<\/article>\n<article data-id=\"377\">\n            <a href=\"http:\/\/zspdabrowka.pl\/spdabrowka\/2018\/10\/19\/maszkienice-hodowla-owczarkow-niemieckich-adi\/\"><\/a><br \/>\n<img src=\"http:\/\/zspdabrowka.pl\/spdabrowka\/wp-content\/uploads\/2018\/12\/IMAG2162-min-168x300.jpg\" alt=\"\"><\/p>\n<header>\n<h2><a href=\"http:\/\/zspdabrowka.pl\/spdabrowka\/2018\/10\/19\/maszkienice-hodowla-owczarkow-niemieckich-adi\/\" title=\"Maszkienice- hodowla owczark\u00f3w niemieckich Adi\">Maszkienice- hodowla owczark\u00f3w niemieckich Adi<\/a><\/h2>\n<\/header>\n<p><a href=\"http:\/\/zspdabrowka.pl\/spdabrowka\/author\/spdabrowka\/\" title=\"Wpisy, kt\u00f3rych autorem jest spdabrowka\" rel=\"author\">spdabrowka<\/a><time datetime=\"19 pa\u017adziernika 2018\">19 pa\u017adziernika 2018<\/time><\/p>\n<p>18 pa\u017adziernika 2018r. klasa V z wychowawczyni\u0105 uda\u0142a si\u0119 do&#8230;<\/p>\n<p><a href=\"http:\/\/zspdabrowka.pl\/spdabrowka\/2018\/10\/19\/maszkienice-hodowla-owczarkow-niemieckich-adi\/\">czytaj wi\u0119cej<\/a><br \/>\n<\/article>\n<article data-id=\"384\">\n            <a href=\"http:\/\/zspdabrowka.pl\/spdabrowka\/2018\/10\/17\/bicie-rekordu-guinnessa-w-jednoczesnym-prowadzeniu-resuscytacji-krazeniowo-oddechowej\/\"><\/a><br \/>\n<img src=\"http:\/\/zspdabrowka.pl\/spdabrowka\/wp-content\/uploads\/2018\/12\/IMG201810121002001-min-300x169.jpg\" alt=\"\"><\/p>\n<header>\n<h2><a href=\"http:\/\/zspdabrowka.pl\/spdabrowka\/2018\/10\/17\/bicie-rekordu-guinnessa-w-jednoczesnym-prowadzeniu-resuscytacji-krazeniowo-oddechowej\/\" title=\"Bicie rekordu Guinnessa w jednoczesnym prowadzeniu resuscytacji kr\u0105\u017ceniowo-oddechowej\">Bicie rekordu Guinnessa w jednoczesnym prowadzeniu resuscytacji kr\u0105\u017ceniowo-oddechowej<\/a><\/h2>\n<\/header>\n<p><a href=\"http:\/\/zspdabrowka.pl\/spdabrowka\/author\/spdabrowka\/\" title=\"Wpisy, kt\u00f3rych autorem jest spdabrowka\" rel=\"author\">spdabrowka<\/a><time datetime=\"17 pa\u017adziernika 2018\">17 pa\u017adziernika 2018<\/time><\/p>\n<p>&nbsp; 16.10.2018 roku nasza szko\u0142a wzi\u0119\u0142a udzia\u0142 w kolejnej edycji&#8230;<\/p>\n<p><a href=\"http:\/\/zspdabrowka.pl\/spdabrowka\/2018\/10\/17\/bicie-rekordu-guinnessa-w-jednoczesnym-prowadzeniu-resuscytacji-krazeniowo-oddechowej\/\">czytaj wi\u0119cej<\/a><br \/>\n<\/article>\n<article data-id=\"175\">\n<header>\n<h2><a href=\"http:\/\/zspdabrowka.pl\/spdabrowka\/2018\/09\/12\/narodowe-czytanie-2018\/\" title=\"Narodowe Czytanie 2018\">Narodowe Czytanie 2018<\/a><\/h2>\n<\/header>\n<p><a href=\"http:\/\/zspdabrowka.pl\/spdabrowka\/author\/spdabrowka\/\" title=\"Wpisy, kt\u00f3rych autorem jest spdabrowka\" rel=\"author\">spdabrowka<\/a><time datetime=\"12 wrze\u015bnia 2018\">12 wrze\u015bnia 2018<\/time><\/p>\n<p>Akcja Narodowe Czytanie&nbsp;organizowana jest przez Prezydenta RP od 2012 roku&#8230;.<\/p>\n<p><a href=\"http:\/\/zspdabrowka.pl\/spdabrowka\/2018\/09\/12\/narodowe-czytanie-2018\/\">czytaj wi\u0119cej<\/a><br \/>\n<\/article>\n<article data-id=\"382\">\n            <a href=\"http:\/\/zspdabrowka.pl\/spdabrowka\/2018\/09\/11\/kredkobranie-100-usmiechow-na-stulecie\/\"><\/a><br \/>\n<img src=\"http:\/\/zspdabrowka.pl\/spdabrowka\/wp-content\/uploads\/2018\/12\/DSCF9127-min-300x225.jpg\" alt=\"\"><\/p>\n<header>\n<h2><a href=\"http:\/\/zspdabrowka.pl\/spdabrowka\/2018\/09\/11\/kredkobranie-100-usmiechow-na-stulecie\/\" title=\"Kredkobranie \u2013 100 u\u015bmiech\u00f3w na Stulecie\">Kredkobranie \u2013 100 u\u015bmiech\u00f3w na Stulecie<\/a><\/h2>\n<\/header>\n<p><a href=\"http:\/\/zspdabrowka.pl\/spdabrowka\/author\/spdabrowka\/\" title=\"Wpisy, kt\u00f3rych autorem jest spdabrowka\" rel=\"author\">spdabrowka<\/a><time datetime=\"11 wrze\u015bnia 2018\">11 wrze\u015bnia 2018<\/time><\/p>\n<p>Kredkobranie \u2013 100 u\u015bmiech\u00f3w na Stulecie We wrze\u015bniu 2018 roku&#8230;<\/p>\n<p><a href=\"http:\/\/zspdabrowka.pl\/spdabrowka\/2018\/09\/11\/kredkobranie-100-usmiechow-na-stulecie\/\">czytaj wi\u0119cej<\/a><br \/>\n<\/article>\n<article data-id=\"146\">\n            <a href=\"http:\/\/zspdabrowka.pl\/spdabrowka\/2018\/09\/05\/inauguracja-roku-szkolnego-2018-2019\/\"><\/a><br \/>\n<img src=\"http:\/\/zspdabrowka.pl\/spdabrowka\/wp-content\/uploads\/2018\/11\/DSC_1028-min-300x199.jpg\" alt=\"\"><\/p>\n<header>\n<h2><a href=\"http:\/\/zspdabrowka.pl\/spdabrowka\/2018\/09\/05\/inauguracja-roku-szkolnego-2018-2019\/\" title=\"Inauguracja roku szkolnego 2018\/2019\">Inauguracja roku szkolnego 2018\/2019<\/a><\/h2>\n<\/header>\n<p><a href=\"http:\/\/zspdabrowka.pl\/spdabrowka\/author\/spdabrowka\/\" title=\"Wpisy, kt\u00f3rych autorem jest spdabrowka\" rel=\"author\">spdabrowka<\/a><time datetime=\"5 wrze\u015bnia 2018\">5 wrze\u015bnia 2018<\/time><\/p>\n<p>W tym roku uroczysto\u015b\u0107 mia\u0142a miejsce 3 wrze\u015bnia i rozpocz\u0119\u0142a&#8230;<\/p>\n<p><a href=\"http:\/\/zspdabrowka.pl\/spdabrowka\/2018\/09\/05\/inauguracja-roku-szkolnego-2018-2019\/\">czytaj wi\u0119cej<\/a><br \/>\n<\/article>\n","protected":false},"excerpt":{"rendered":"<p>Kochane Babcie, Drodzy Dziadkowie! spdabrowka21 stycznia 2021 Z okazji Waszego \u015awi\u0119ta \u017cyczymy Wam du\u017co zdrowia, pogody ducha,&#8230; czytaj wi\u0119cej Drodzy Rodzice! spdabrowka17 stycznia 2021 W poniedzia\u0142ek 18 stycznia decyzj\u0105 MEiN uczniowie&nbsp;klas I-III&nbsp;wracaj\u0105 do szko\u0142y&#8230; czytaj wi\u0119cej \u017byczenia spdabrowka21 grudnia 2020 czytaj wi\u0119cej \u015awiatowy Dzie\u0144 Walki z AIDS spdabrowka9 grudnia 2020 [&hellip;]<\/p>\n","protected":false},"author":1,"featured_media":0,"parent":0,"menu_order":0,"comment_status":"closed","ping_status":"closed","template":"","meta":{"ngg_post_thumbnail":0},"_links":{"self":[{"href":"https:\/\/zspdabrowka.pl\/spdabrowka\/wp-json\/wp\/v2\/pages\/2920"}],"collection":[{"href":"https:\/\/zspdabrowka.pl\/spdabrowka\/wp-json\/wp\/v2\/pages"}],"about":[{"href":"https:\/\/zspdabrowka.pl\/spdabrowka\/wp-json\/wp\/v2\/types\/page"}],"author":[{"embeddable":true,"href":"https:\/\/zspdabrowka.pl\/spdabrowka\/wp-json\/wp\/v2\/users\/1"}],"replies":[{"embeddable":true,"href":"https:\/\/zspdabrowka.pl\/spdabrowka\/wp-json\/wp\/v2\/comments?post=2920"}],"version-history":[{"count":5,"href":"https:\/\/zspdabrowka.pl\/spdabrowka\/wp-json\/wp\/v2\/pages\/2920\/revisions"}],"predecessor-version":[{"id":5671,"href":"https:\/\/zspdabrowka.pl\/spdabrowka\/wp-json\/wp\/v2\/pages\/2920\/revisions\/5671"}],"wp:attachment":[{"href":"https:\/\/zspdabrowka.pl\/spdabrowka\/wp-json\/wp\/v2\/media?parent=2920"}],"curies":[{"name":"wp","href":"https:\/\/api.w.org\/{rel}","templated":true}]}}